{"id":2,"date":"2024-09-25T11:36:25","date_gmt":"2024-09-25T11:36:25","guid":{"rendered":"https:\/\/lateliersophro.fr\/?page_id=2"},"modified":"2026-03-17T16:05:29","modified_gmt":"2026-03-17T16:05:29","slug":"accueil","status":"publish","type":"page","link":"https:\/\/lateliersophro.fr\/","title":{"rendered":"Accueil"},"content":{"rendered":"[et_pb_section fb_built=\u00a0\u00bb1&Prime; admin_label=\u00a0\u00bbsection\u00a0\u00bb _builder_version=\u00a0\u00bb4.27.2&Prime; background_image=\u00a0\u00bbhttps:\/\/lateliersophro.fr\/wp-content\/uploads\/2024\/10\/bg-home.jpg\u00a0\u00bb background_position=\u00a0\u00bbtop_left\u00a0\u00bb background_vertical_offset=\u00a0\u00bb30%\u00a0\u00bb min_height=\u00a0\u00bb582px\u00a0\u00bb custom_margin=\u00a0\u00bb-58px||||false|false\u00a0\u00bb border_width_top=\u00a0\u00bb10px\u00a0\u00bb border_color_top=\u00a0\u00bb#202140&Prime; border_width_right=\u00a0\u00bb10px\u00a0\u00bb border_color_right=\u00a0\u00bb#202140&Prime; border_width_left=\u00a0\u00bb10px\u00a0\u00bb border_color_left=\u00a0\u00bb#202140&Prime; global_colors_info=\u00a0\u00bb{}\u00a0\u00bb][et_pb_row admin_label=\u00a0\u00bbrow\u00a0\u00bb _builder_version=\u00a0\u00bb4.27.2&Prime; background_size=\u00a0\u00bbinitial\u00a0\u00bb background_position=\u00a0\u00bbtop_left\u00a0\u00bb background_repeat=\u00a0\u00bbrepeat\u00a0\u00bb custom_margin=\u00a0\u00bb57px||||false|false\u00a0\u00bb global_colors_info=\u00a0\u00bb{}\u00a0\u00bb][et_pb_column type=\u00a0\u00bb4_4&Prime; _builder_version=\u00a0\u00bb4.16&Prime; custom_padding=\u00a0\u00bb|||\u00a0\u00bb global_colors_info=\u00a0\u00bb{}\u00a0\u00bb custom_padding__hover=\u00a0\u00bb|||\u00a0\u00bb][et_pb_text admin_label=\u00a0\u00bbText\u00a0\u00bb _builder_version=\u00a0\u00bb4.27.2&Prime; header_font=\u00a0\u00bbSacramento||||||||\u00a0\u00bb header_text_align=\u00a0\u00bbcenter\u00a0\u00bb header_text_color=\u00a0\u00bb#FFFFFF\u00a0\u00bb header_font_size=\u00a0\u00bb5.2em\u00a0\u00bb background_size=\u00a0\u00bbinitial\u00a0\u00bb background_position=\u00a0\u00bbtop_left\u00a0\u00bb background_repeat=\u00a0\u00bbrepeat\u00a0\u00bb global_colors_info=\u00a0\u00bb{}\u00a0\u00bb]<h1>L&rsquo;atelier Sophro<\/h1>\n<p><\/p>[\/et_pb_text][et_pb_text _builder_version=\u00a0\u00bb4.27.2&Prime; _module_preset=\u00a0\u00bbdefault\u00a0\u00bb header_2_font=\u00a0\u00bbArial|600||on|||||\u00a0\u00bb header_2_text_align=\u00a0\u00bbcenter\u00a0\u00bb header_2_text_color=\u00a0\u00bb#FFFFFF\u00a0\u00bb header_2_font_size=\u00a0\u00bb11px\u00a0\u00bb width=\u00a0\u00bb37%\u00a0\u00bb module_alignment=\u00a0\u00bbcenter\u00a0\u00bb custom_padding=\u00a0\u00bb10px||0px||false|false\u00a0\u00bb border_width_all=\u00a0\u00bb1px\u00a0\u00bb border_color_all=\u00a0\u00bb#FFFFFF\u00a0\u00bb global_colors_info=\u00a0\u00bb{}\u00a0\u00bb]<h2>Sophrologue \u00e0 Wimereux (Pas-de-Calais, Hauts-de-France)<\/h2>[\/et_pb_text][\/et_pb_column][\/et_pb_row][\/et_pb_section][et_pb_section fb_built=\u00a0\u00bb1&Prime; _builder_version=\u00a0\u00bb4.27.2&Prime; _module_preset=\u00a0\u00bbdefault\u00a0\u00bb border_width_right=\u00a0\u00bb10px\u00a0\u00bb border_color_right=\u00a0\u00bb#202140&Prime; border_width_left=\u00a0\u00bb10px\u00a0\u00bb border_color_left=\u00a0\u00bb#202140&Prime; global_colors_info=\u00a0\u00bb{}\u00a0\u00bb][et_pb_row _builder_version=\u00a0\u00bb4.27.2&Prime; _module_preset=\u00a0\u00bbdefault\u00a0\u00bb background_color=\u00a0\u00bb#117f9e\u00a0\u00bb custom_margin=\u00a0\u00bb-110px||||false|false\u00a0\u00bb global_colors_info=\u00a0\u00bb{}\u00a0\u00bb][et_pb_column type=\u00a0\u00bb4_4&Prime; _builder_version=\u00a0\u00bb4.27.2&Prime; _module_preset=\u00a0\u00bbdefault\u00a0\u00bb global_colors_info=\u00a0\u00bb{}\u00a0\u00bb][et_pb_text _builder_version=\u00a0\u00bb4.27.2&Prime; _module_preset=\u00a0\u00bbdefault\u00a0\u00bb header_2_font=\u00a0\u00bbGeorgia||on|on|||||\u00a0\u00bb header_2_text_align=\u00a0\u00bbcenter\u00a0\u00bb header_2_text_color=\u00a0\u00bb#FFFFFF\u00a0\u00bb header_2_font_size=\u00a0\u00bb1.75em\u00a0\u00bb header_2_line_height=\u00a0\u00bb1.4em\u00a0\u00bb background_enable_color=\u00a0\u00bboff\u00a0\u00bb global_colors_info=\u00a0\u00bb{}\u00a0\u00bb]<h2>Vivez le moment pr\u00e9sent<br \/>devenez acteur de votre vie<\/h2>[\/et_pb_text][et_pb_divider color=\u00a0\u00bb#FFFFFF\u00a0\u00bb divider_weight=\u00a0\u00bb1px\u00a0\u00bb _builder_version=\u00a0\u00bb4.27.2&Prime; _module_preset=\u00a0\u00bbdefault\u00a0\u00bb custom_margin=\u00a0\u00bb|520px||520px|false|true\u00a0\u00bb global_colors_info=\u00a0\u00bb{}\u00a0\u00bb][\/et_pb_divider][et_pb_text _builder_version=\u00a0\u00bb4.27.2&Prime; _module_preset=\u00a0\u00bbdefault\u00a0\u00bb text_font=\u00a0\u00bbArial||||||||\u00a0\u00bb text_text_color=\u00a0\u00bb#FFFFFF\u00a0\u00bb text_font_size=\u00a0\u00bb13px\u00a0\u00bb header_2_font=\u00a0\u00bbGeorgia||on|on|||||\u00a0\u00bb header_2_text_align=\u00a0\u00bbcenter\u00a0\u00bb header_2_text_color=\u00a0\u00bb#FFFFFF\u00a0\u00bb header_2_font_size=\u00a0\u00bb1.75em\u00a0\u00bb header_2_line_height=\u00a0\u00bb1.4em\u00a0\u00bb background_enable_color=\u00a0\u00bboff\u00a0\u00bb custom_padding=\u00a0\u00bb|7.2em||7.2em|false|true\u00a0\u00bb global_colors_info=\u00a0\u00bb{}\u00a0\u00bb]<p>La Sophrologie c\u2019est avant tout un moment que vous vous offrez, une douce parenth\u00e8se. Tout ce que vous vivrez pendant ces instants ne sera qu\u2019\u00e0 vous, rien qu\u2019\u00e0 vous. Vous serez alors dans un espace de bienveillance et de non-jugement. Cet espace vous permettra de mieux vous comprendre et de d\u00e9passer vos limites. La sophrologie est une id\u00e9e douce au quotidien.<\/p>\n<p>La Sophrologie c\u2019est un cadeau que l\u2019on se fait, un retour vers soi, une invitation au voyage int\u00e9rieur qui vous permettra d\u2019identifier les ressources extraordinaires qui sont en votre possession et qui sont vos alli\u00e9es pr\u00e9cieuses pour aller vers une re-connaissance de soi, un mieux \u00eatre, et donc vers une meilleure ma\u00eetrise de votre vie. \u2729<\/p>\n<p>Je vous souhaite une belle rencontre avec vous-m\u00eame. \u2665<\/p>[\/et_pb_text][\/et_pb_column][\/et_pb_row][et_pb_row column_structure=\u00a0\u00bb1_2,1_2&Prime; use_custom_gutter=\u00a0\u00bbon\u00a0\u00bb gutter_width=\u00a0\u00bb1&Prime; module_id=\u00a0\u00bbapplications\u00a0\u00bb _builder_version=\u00a0\u00bb4.27.2&Prime; _module_preset=\u00a0\u00bbdefault\u00a0\u00bb custom_padding=\u00a0\u00bb2px||2px|||\u00a0\u00bb global_colors_info=\u00a0\u00bb{}\u00a0\u00bb][et_pb_column type=\u00a0\u00bb1_2&Prime; _builder_version=\u00a0\u00bb4.27.2&Prime; _module_preset=\u00a0\u00bbdefault\u00a0\u00bb global_colors_info=\u00a0\u00bb{}\u00a0\u00bb][et_pb_text _builder_version=\u00a0\u00bb4.27.2&Prime; _module_preset=\u00a0\u00bbdefault\u00a0\u00bb text_font=\u00a0\u00bbArial||||||||\u00a0\u00bb text_text_color=\u00a0\u00bb#FFFFFF\u00a0\u00bb text_font_size=\u00a0\u00bb12px\u00a0\u00bb header_3_font=\u00a0\u00bbSacramento||||||||\u00a0\u00bb header_3_text_align=\u00a0\u00bbcenter\u00a0\u00bb header_3_text_color=\u00a0\u00bb#FFFFFF\u00a0\u00bb header_3_font_size=\u00a0\u00bb2.5em\u00a0\u00bb background_color=\u00a0\u00bb#117f9e\u00a0\u00bb text_orientation=\u00a0\u00bbcenter\u00a0\u00bb max_width=\u00a0\u00bb100%\u00a0\u00bb height=\u00a0\u00bb260px\u00a0\u00bb custom_margin=\u00a0\u00bb0px|0px|0px|0px|true|true\u00a0\u00bb custom_padding=\u00a0\u00bb50px|10px|50px|10px|true|true\u00a0\u00bb border_width_all=\u00a0\u00bb5px\u00a0\u00bb border_color_all=\u00a0\u00bb#FFFFFF\u00a0\u00bb global_colors_info=\u00a0\u00bb{}\u00a0\u00bb]<div id=\"bloc-mental\" class=\"m-all t-1of2 d-1of2 cf\">\n<h3>Pr\u00e9paration mentale<\/h3>\n<p>examens (permis de conduire, concours\u2026) comp\u00e9titions sportives \/ repr\u00e9sentations sc\u00e9niques prise de parole en public \/ entretiens professionnels intervention chirurgicale\u2026<\/p>\n<\/div>[\/et_pb_text][et_pb_text _builder_version=\u00a0\u00bb4.27.2&Prime; _module_preset=\u00a0\u00bbdefault\u00a0\u00bb text_font=\u00a0\u00bbArial||||||||\u00a0\u00bb text_text_color=\u00a0\u00bb#FFFFFF\u00a0\u00bb text_font_size=\u00a0\u00bb12px\u00a0\u00bb header_3_font=\u00a0\u00bbSacramento||||||||\u00a0\u00bb header_3_text_align=\u00a0\u00bbcenter\u00a0\u00bb header_3_text_color=\u00a0\u00bb#FFFFFF\u00a0\u00bb header_3_font_size=\u00a0\u00bb2.5em\u00a0\u00bb background_color=\u00a0\u00bb#6ec8b8&Prime; text_orientation=\u00a0\u00bbcenter\u00a0\u00bb max_width=\u00a0\u00bb100%\u00a0\u00bb height=\u00a0\u00bb260px\u00a0\u00bb custom_margin=\u00a0\u00bb0px|0px|0px|0px|true|true\u00a0\u00bb custom_padding=\u00a0\u00bb50px|10px|50px|10px|true|true\u00a0\u00bb border_width_all=\u00a0\u00bb5px\u00a0\u00bb border_color_all=\u00a0\u00bb#FFFFFF\u00a0\u00bb global_colors_info=\u00a0\u00bb{}\u00a0\u00bb]<div id=\"bloc-mental\" class=\"m-all t-1of2 d-1of2 cf\">\n<h3>Mieux-\u00eatre<\/h3>\n<p>apprendre \u00e0 g\u00e9rer le stress, ses angoisses \/ mieux appr\u00e9hender ses \u00e9motions, les situations difficiles, les changements de vie \/ am\u00e9liorer son sommeil (insomnie, cauchemars, endormissement) \/ stimuler sa cr\u00e9ativit\u00e9 \/ retrouver la confiance en soi et l\u2019estime de soi\u2026<\/p>\n<\/div>[\/et_pb_text][et_pb_text _builder_version=\u00a0\u00bb4.27.2&Prime; _module_preset=\u00a0\u00bbdefault\u00a0\u00bb text_font=\u00a0\u00bbArial||||||||\u00a0\u00bb text_text_color=\u00a0\u00bb#FFFFFF\u00a0\u00bb text_font_size=\u00a0\u00bb12px\u00a0\u00bb header_3_font=\u00a0\u00bbSacramento||||||||\u00a0\u00bb header_3_text_align=\u00a0\u00bbcenter\u00a0\u00bb header_3_text_color=\u00a0\u00bb#FFFFFF\u00a0\u00bb header_3_font_size=\u00a0\u00bb2.5em\u00a0\u00bb background_color=\u00a0\u00bb#117f9e\u00a0\u00bb text_orientation=\u00a0\u00bbcenter\u00a0\u00bb max_width=\u00a0\u00bb100%\u00a0\u00bb height=\u00a0\u00bb260px\u00a0\u00bb custom_margin=\u00a0\u00bb0px|0px|0px|0px|true|true\u00a0\u00bb custom_padding=\u00a0\u00bb50px|10px|50px|10px|true|true\u00a0\u00bb border_width_all=\u00a0\u00bb5px\u00a0\u00bb border_color_all=\u00a0\u00bb#FFFFFF\u00a0\u00bb global_colors_info=\u00a0\u00bb{}\u00a0\u00bb]<div id=\"bloc-mental\" class=\"m-all t-1of2 d-1of2 cf\">\n<h3>Projet d&rsquo;enfants<\/h3>\n<p>accompagnement dans le protocole d\u2019une PMA reprendre confiance en soi, en ses capacit\u00e9s \/ se pr\u00e9parer plus sereinement aux diff\u00e9rentes \u00e9tapes du protocole de la PMA \/ appr\u00e9hender sereinement la grossesse, l\u2019accouchement \/ favoriser le lien avec b\u00e9b\u00e9 intra-ut\u00e9rin \/ am\u00e9liorer ou renforcer son \u00e9panouissement au sein du couple \/ g\u00e9rer la p\u00e9riode post-natale plus sereinement\u2026<\/p>\n<\/div>[\/et_pb_text][\/et_pb_column][et_pb_column type=\u00a0\u00bb1_2&Prime; _builder_version=\u00a0\u00bb4.27.2&Prime; _module_preset=\u00a0\u00bbdefault\u00a0\u00bb global_colors_info=\u00a0\u00bb{}\u00a0\u00bb][et_pb_text _builder_version=\u00a0\u00bb4.27.2&Prime; _module_preset=\u00a0\u00bbdefault\u00a0\u00bb text_font=\u00a0\u00bbArial||||||||\u00a0\u00bb text_text_color=\u00a0\u00bb#FFFFFF\u00a0\u00bb text_font_size=\u00a0\u00bb12px\u00a0\u00bb header_3_font=\u00a0\u00bbSacramento||||||||\u00a0\u00bb header_3_text_align=\u00a0\u00bbcenter\u00a0\u00bb header_3_text_color=\u00a0\u00bb#FFFFFF\u00a0\u00bb header_3_font_size=\u00a0\u00bb2.5em\u00a0\u00bb background_color=\u00a0\u00bb#d9a70e\u00a0\u00bb text_orientation=\u00a0\u00bbcenter\u00a0\u00bb max_width=\u00a0\u00bb100%\u00a0\u00bb height=\u00a0\u00bb260px\u00a0\u00bb custom_margin=\u00a0\u00bb0px|0px|0px|0px|true|true\u00a0\u00bb custom_padding=\u00a0\u00bb50px|10px|50px|10px|true|true\u00a0\u00bb border_width_all=\u00a0\u00bb5px\u00a0\u00bb border_color_all=\u00a0\u00bb#FFFFFF\u00a0\u00bb global_colors_info=\u00a0\u00bb{}\u00a0\u00bb]<div id=\"bloc-mental\" class=\"m-all t-1of2 d-1of2 cf\">\n<h3>Enfance et adolescence<\/h3>\n<p>prendre confiance en soi, mieux s\u2019affirmer \/ mieux appr\u00e9hender ses \u00e9motions, la pr\u00e9cocit\u00e9, les changements de son corps \/ accompagner une psychoth\u00e9rapie, des soins orthophoniques \/ mieux vivre sa relation aux autres \/ d\u00e9velopper les envies positives et cr\u00e9atives \/ \u00eatre plus attentif \/ am\u00e9liorer la concentration\u2026<\/p>\n<\/div>[\/et_pb_text][et_pb_text _builder_version=\u00a0\u00bb4.27.2&Prime; _module_preset=\u00a0\u00bbdefault\u00a0\u00bb text_font=\u00a0\u00bbArial||||||||\u00a0\u00bb text_text_color=\u00a0\u00bb#FFFFFF\u00a0\u00bb text_font_size=\u00a0\u00bb12px\u00a0\u00bb header_3_font=\u00a0\u00bbSacramento||||||||\u00a0\u00bb header_3_text_align=\u00a0\u00bbcenter\u00a0\u00bb header_3_text_color=\u00a0\u00bb#FFFFFF\u00a0\u00bb header_3_font_size=\u00a0\u00bb2.5em\u00a0\u00bb background_color=\u00a0\u00bb#117f9e\u00a0\u00bb text_orientation=\u00a0\u00bbcenter\u00a0\u00bb max_width=\u00a0\u00bb100%\u00a0\u00bb height=\u00a0\u00bb260px\u00a0\u00bb custom_margin=\u00a0\u00bb0px|0px|0px|0px|true|true\u00a0\u00bb custom_padding=\u00a0\u00bb50px|10px|50px|10px|true|true\u00a0\u00bb border_width_all=\u00a0\u00bb5px\u00a0\u00bb border_color_all=\u00a0\u00bb#FFFFFF\u00a0\u00bb global_colors_info=\u00a0\u00bb{}\u00a0\u00bb]<div id=\"bloc-mental\" class=\"m-all t-1of2 d-1of2 cf\">\n<h3>Am\u00e9lioration du quotidien<\/h3>\n<p>apprivoiser la douleur, la mettre \u00e0 distance \/ se lib\u00e9rer de la cigarette \/ mieux vivre la maladie, apprivoiser les acouph\u00e8nes \/ favoriser un sommeil r\u00e9parateur \/ mieux vivre un traitement m\u00e9dical\u2026<\/p>\n<\/div>[\/et_pb_text][et_pb_text _builder_version=\u00a0\u00bb4.27.2&Prime; _module_preset=\u00a0\u00bbdefault\u00a0\u00bb text_font=\u00a0\u00bbArial||||||||\u00a0\u00bb text_text_color=\u00a0\u00bb#FFFFFF\u00a0\u00bb text_font_size=\u00a0\u00bb12px\u00a0\u00bb header_3_font=\u00a0\u00bbSacramento||||||||\u00a0\u00bb header_3_text_align=\u00a0\u00bbcenter\u00a0\u00bb header_3_text_color=\u00a0\u00bb#FFFFFF\u00a0\u00bb header_3_font_size=\u00a0\u00bb2.5em\u00a0\u00bb background_color=\u00a0\u00bb#d9a70e\u00a0\u00bb text_orientation=\u00a0\u00bbcenter\u00a0\u00bb max_width=\u00a0\u00bb100%\u00a0\u00bb height=\u00a0\u00bb260px\u00a0\u00bb custom_margin=\u00a0\u00bb0px|0px|0px|0px|true|true\u00a0\u00bb custom_padding=\u00a0\u00bb50px|10px|50px|10px|true|true\u00a0\u00bb border_width_all=\u00a0\u00bb5px\u00a0\u00bb border_color_all=\u00a0\u00bb#FFFFFF\u00a0\u00bb global_colors_info=\u00a0\u00bb{}\u00a0\u00bb]<div id=\"bloc-mental\" class=\"m-all t-1of2 d-1of2 cf\">\n<h3>Accompagnement des troubles pathologiques<\/h3>\n<p>mieux g\u00e9rer les phobies, les pulsions \/ accompagnement dans la prise en charge m\u00e9dicale des troubles alimentaires<\/p>\n<\/div>[\/et_pb_text][\/et_pb_column][\/et_pb_row][et_pb_row column_structure=\u00a0\u00bb1_2,1_2&Prime; make_equal=\u00a0\u00bbon\u00a0\u00bb module_id=\u00a0\u00bbpourqui\u00a0\u00bb _builder_version=\u00a0\u00bb4.27.2&Prime; _module_preset=\u00a0\u00bbdefault\u00a0\u00bb width=\u00a0\u00bb100%\u00a0\u00bb max_width=\u00a0\u00bb1712px\u00a0\u00bb custom_padding=\u00a0\u00bb17px|||||\u00a0\u00bb global_colors_info=\u00a0\u00bb{}\u00a0\u00bb][et_pb_column type=\u00a0\u00bb1_2&Prime; _builder_version=\u00a0\u00bb4.27.2&Prime; _module_preset=\u00a0\u00bbdefault\u00a0\u00bb background_color=\u00a0\u00bb#fff4f4&Prime; global_colors_info=\u00a0\u00bb{}\u00a0\u00bb][et_pb_text _builder_version=\u00a0\u00bb4.27.2&Prime; _module_preset=\u00a0\u00bbdefault\u00a0\u00bb header_6_text_align=\u00a0\u00bbcenter\u00a0\u00bb header_6_text_color=\u00a0\u00bb#d9a70e\u00a0\u00bb header_6_font_size=\u00a0\u00bb22px\u00a0\u00bb custom_margin=\u00a0\u00bb30px||10px||false|false\u00a0\u00bb global_colors_info=\u00a0\u00bb{}\u00a0\u00bb]<h6>+<\/h6>[\/et_pb_text][et_pb_text _builder_version=\u00a0\u00bb4.27.2&Prime; _module_preset=\u00a0\u00bbdefault\u00a0\u00bb text_font_size=\u00a0\u00bb13px\u00a0\u00bb header_4_font=\u00a0\u00bbArial||||||||\u00a0\u00bb header_4_text_align=\u00a0\u00bbcenter\u00a0\u00bb header_4_font_size=\u00a0\u00bb1.7em\u00a0\u00bb text_orientation=\u00a0\u00bbjustified\u00a0\u00bb custom_margin=\u00a0\u00bb||60px||false|false\u00a0\u00bb global_colors_info=\u00a0\u00bb{}\u00a0\u00bb]<h4>Pour les particuliers<\/h4>[\/et_pb_text][et_pb_text _builder_version=\u00a0\u00bb4.27.2&Prime; _module_preset=\u00a0\u00bbdefault\u00a0\u00bb text_text_color=\u00a0\u00bb#5c6b80&Prime; text_font_size=\u00a0\u00bb13px\u00a0\u00bb header_4_font=\u00a0\u00bbArial||||||||\u00a0\u00bb header_4_text_align=\u00a0\u00bbcenter\u00a0\u00bb header_4_font_size=\u00a0\u00bb1.7em\u00a0\u00bb text_orientation=\u00a0\u00bbjustified\u00a0\u00bb custom_padding=\u00a0\u00bb|80px||80px|false|true\u00a0\u00bb global_colors_info=\u00a0\u00bb{}\u00a0\u00bb]<p><strong>Accessible<\/strong> \u00e0 toutes et \u00e0 tous, petits et grands, la sophrologie <strong>s\u2019adapte aux besoins sp\u00e9cifiques<\/strong> de chacun, en prenant en compte les contraintes, en <strong>respectant le mode de vie<\/strong> qui vous est propre. La sophrologie permet au travers d\u2019<strong>exercices simples et concrets<\/strong> de vous orienter vers <strong>votre propre solution<\/strong> et ainsi de r\u00e9soudre de nombreuses difficult\u00e9s. Les s\u00e9ances sont propos\u00e9es en individuel, mais peuvent \u00eatre \u00e9galement pratiqu\u00e9es en groupe. <strong>En groupe<\/strong>, le th\u00e8me sera plus g\u00e9n\u00e9ral (\u00e9vacuer les tensions, se redonner de l\u2019\u00e9nergie, \u00eatre plus serein au quotidien\u2026). <strong>En individuel<\/strong>, la s\u00e9ance sera diff\u00e9rente d\u2019une personne \u00e0 une autre et d\u00e9pendra de son histoire, de son objectif th\u00e9rapeutique ou personnel. Le protocole mis en place sera <strong>unique<\/strong>, et <strong>propre \u00e0 chacun<\/strong>.<\/p>[\/et_pb_text][et_pb_button button_url=\u00a0\u00bbhttps:\/\/lateliersophro.fr\/?page_id=47&Prime; button_text=\u00a0\u00bben savoir plus\u00a0\u00bb button_alignment=\u00a0\u00bbcenter\u00a0\u00bb _builder_version=\u00a0\u00bb4.27.2&Prime; _module_preset=\u00a0\u00bbdefault\u00a0\u00bb custom_button=\u00a0\u00bbon\u00a0\u00bb button_text_size=\u00a0\u00bb12px\u00a0\u00bb button_text_color=\u00a0\u00bb#117f9e\u00a0\u00bb button_border_width=\u00a0\u00bb1px\u00a0\u00bb button_border_radius=\u00a0\u00bb0px\u00a0\u00bb button_font=\u00a0\u00bb|||on|||||\u00a0\u00bb custom_margin=\u00a0\u00bb0px||0px||false|false\u00a0\u00bb custom_padding=\u00a0\u00bb8px|36px|8px|36px|true|true\u00a0\u00bb global_colors_info=\u00a0\u00bb{}\u00a0\u00bb][\/et_pb_button][\/et_pb_column][et_pb_column type=\u00a0\u00bb1_2&Prime; _builder_version=\u00a0\u00bb4.27.2&Prime; _module_preset=\u00a0\u00bbdefault\u00a0\u00bb background_color=\u00a0\u00bb#fff4f4&Prime; global_colors_info=\u00a0\u00bb{}\u00a0\u00bb][et_pb_text _builder_version=\u00a0\u00bb4.27.2&Prime; _module_preset=\u00a0\u00bbdefault\u00a0\u00bb header_6_text_align=\u00a0\u00bbcenter\u00a0\u00bb header_6_text_color=\u00a0\u00bb#d9a70e\u00a0\u00bb header_6_font_size=\u00a0\u00bb22px\u00a0\u00bb custom_margin=\u00a0\u00bb30px||10px||false|false\u00a0\u00bb global_colors_info=\u00a0\u00bb{}\u00a0\u00bb]<h6>+<\/h6>[\/et_pb_text][et_pb_text _builder_version=\u00a0\u00bb4.27.2&Prime; _module_preset=\u00a0\u00bbdefault\u00a0\u00bb text_font_size=\u00a0\u00bb13px\u00a0\u00bb header_4_font=\u00a0\u00bbArial||||||||\u00a0\u00bb header_4_text_align=\u00a0\u00bbcenter\u00a0\u00bb header_4_font_size=\u00a0\u00bb1.7em\u00a0\u00bb text_orientation=\u00a0\u00bbjustified\u00a0\u00bb custom_margin=\u00a0\u00bb||60px||false|false\u00a0\u00bb global_colors_info=\u00a0\u00bb{}\u00a0\u00bb]<h4>Pour les entreprises<\/h4>[\/et_pb_text][et_pb_text _builder_version=\u00a0\u00bb4.27.2&Prime; _module_preset=\u00a0\u00bbdefault\u00a0\u00bb text_text_color=\u00a0\u00bb#5c6b80&Prime; text_font_size=\u00a0\u00bb13px\u00a0\u00bb header_4_font=\u00a0\u00bbArial||||||||\u00a0\u00bb header_4_text_align=\u00a0\u00bbcenter\u00a0\u00bb header_4_font_size=\u00a0\u00bb1.7em\u00a0\u00bb text_orientation=\u00a0\u00bbjustified\u00a0\u00bb custom_padding=\u00a0\u00bb|80px||80px|false|true\u00a0\u00bb global_colors_info=\u00a0\u00bb{}\u00a0\u00bb]<p><strong><\/strong>La Sophrologie <strong>s\u2019int\u00e8gre parfaitement<\/strong> dans le monde du travail. C\u2019est en effet non seulement un formidable outil pour <strong>accompagner la gestion du stress au quotidien<\/strong>, mais aussi et surtout un outil efficace \u00e0 utiliser en amont, car il s\u2019int\u00e8gre pleinement dans un programme de pr\u00e9vention notamment des risques psychosociaux. La souplesse de la m\u00e9thode permet de <strong>s\u2019adapter aux r\u00e9alit\u00e9s<\/strong> de l\u2019entreprise et donc \u00e0 chaque probl\u00e9matique. Accessible \u00e0 toutes et \u00e0 tous, <strong>respectueuse de la libert\u00e9 de chacun<\/strong>, la sophrologie se pratique o\u00f9 l\u2019on veut, quand on veut. Utiliser le stress pour s\u2019en faire un alli\u00e9. <strong>Evacuer les tensions<\/strong> physiques pour acc\u00e9der \u00e0 la d\u00e9tente psychique. <strong>Reconnecter son corps et son esprit<\/strong> pour se cr\u00e9er un espace mental, se faire de la place pour \u00eatre ainsi capable de <strong>mobiliser au mieux ses capacit\u00e9s, ses ressources<\/strong>.<\/p>[\/et_pb_text][et_pb_button button_url=\u00a0\u00bbhttps:\/\/lateliersophro.fr\/?page_id=54&Prime; button_text=\u00a0\u00bben savoir plus\u00a0\u00bb button_alignment=\u00a0\u00bbcenter\u00a0\u00bb _builder_version=\u00a0\u00bb4.27.2&Prime; _module_preset=\u00a0\u00bbdefault\u00a0\u00bb custom_button=\u00a0\u00bbon\u00a0\u00bb button_text_size=\u00a0\u00bb12px\u00a0\u00bb button_text_color=\u00a0\u00bb#117f9e\u00a0\u00bb button_border_width=\u00a0\u00bb1px\u00a0\u00bb button_border_radius=\u00a0\u00bb0px\u00a0\u00bb button_font=\u00a0\u00bb|||on|||||\u00a0\u00bb custom_margin=\u00a0\u00bb0px||60px||false|false\u00a0\u00bb custom_padding=\u00a0\u00bb8px|36px|8px|36px|true|true\u00a0\u00bb global_colors_info=\u00a0\u00bb{}\u00a0\u00bb][\/et_pb_button][\/et_pb_column][\/et_pb_row][et_pb_row column_structure=\u00a0\u00bb3_4,1_4&Prime; use_custom_gutter=\u00a0\u00bbon\u00a0\u00bb gutter_width=\u00a0\u00bb1&Prime; module_id=\u00a0\u00bbapropos\u00a0\u00bb _builder_version=\u00a0\u00bb4.27.2&Prime; _module_preset=\u00a0\u00bbdefault\u00a0\u00bb global_colors_info=\u00a0\u00bb{}\u00a0\u00bb][et_pb_column type=\u00a0\u00bb3_4&Prime; _builder_version=\u00a0\u00bb4.27.2&Prime; _module_preset=\u00a0\u00bbdefault\u00a0\u00bb global_colors_info=\u00a0\u00bb{}\u00a0\u00bb][et_pb_text _builder_version=\u00a0\u00bb4.27.2&Prime; _module_preset=\u00a0\u00bbdefault\u00a0\u00bb text_font=\u00a0\u00bbArial||||||||\u00a0\u00bb text_font_size=\u00a0\u00bb13px\u00a0\u00bb header_2_font=\u00a0\u00bbSacramento||||||||\u00a0\u00bb header_2_text_align=\u00a0\u00bbcenter\u00a0\u00bb header_2_font_size=\u00a0\u00bb3em\u00a0\u00bb background_color=\u00a0\u00bb#fff4f4&Prime; text_orientation=\u00a0\u00bbjustified\u00a0\u00bb width=\u00a0\u00bb103%\u00a0\u00bb custom_margin=\u00a0\u00bb55px||||false|false\u00a0\u00bb custom_padding=\u00a0\u00bb80px|50px|80px|50px|true|true\u00a0\u00bb border_width_all=\u00a0\u00bb4px\u00a0\u00bb border_color_all=\u00a0\u00bb#117f9e\u00a0\u00bb global_colors_info=\u00a0\u00bb{}\u00a0\u00bb]<h2>Amandine Calcoen<\/h2>\n<p>&nbsp;<\/p>\n<p>Plus de 10 ann\u00e9es pass\u00e9es en entreprise, tout d\u2019abord dans la formation linguistique en Angleterre, puis dans la coordination internationale, m\u2019ont permis un vrai \u00e9panouissement tant sur le plan professionnel qu\u2019humain. Un \u00e9panouissement au travers de nombreux projets, mais surtout au travers de <strong>multiples rencontres<\/strong>. La relation aux autres a toujours \u00e9t\u00e9 le fil rouge de ma vie. Gr\u00e2ce \u00e0 ces ann\u00e9es auxquelles je repense toujours avec <strong>bienveillance<\/strong>, (m\u00eame si bien s\u00fbr tout n\u2019\u00e9tait pas toujours rose!) j\u2019ai compris tr\u00e8s vite que mon envie d\u2019aller vers l\u2019autre, d\u2019aider, d\u2019<strong>accompagner<\/strong>, n\u2019\u00e9tait pas grande, mais\u2026intens\u00e9ment immense!<\/p>\n<p>Mes rencontres avec la <strong>sophrologie<\/strong> puis quelques temps plus tard avec l\u2019<strong>hypnose<\/strong>, ont \u00e9t\u00e9 pour moi des moments cl\u00e9s de ma vie, qui non seulement m\u2019ont offert la possibilit\u00e9 de trouver mon <strong>\u00e9quilibre de vie<\/strong>, de retrouver cette dynamique d\u2019<strong>harmonie avec le monde<\/strong> qui m\u2019entoure, mais aussi d\u2019en faire mon m\u00e9tier. Aujourd\u2019hui, ce m\u00e9tier que j\u2019ai embrass\u00e9, mon m\u00e9tier de th\u00e9rapeute\u2026 me passionne. Et c\u2019est sans rel\u00e2che que je continue \u00e0 me former au travers d\u2019un entra\u00eenement personnel, de stages, de formations sp\u00e9cifiques, de conf\u00e9rences, de lectures\u2026.Le sujet est vaste et bien trop riche pour qu\u2019il ne me donne pas l\u2019envie d\u2019aller toujours plus loin dans son enseignement.<\/p>\n<p>Ce qui me pla\u00eet dans ces approches, c\u2019est avant tout de pouvoir prendre sa vie en main, de <strong>trouver son chemin<\/strong>, sa propre solution gr\u00e2ce \u00e0 ses propres moyens, ses <strong>propres ressources<\/strong> qui sont nombreuses et <strong>merveilleuses<\/strong> \u2729 Ces formidables outils que sont la <strong>sophrologie<\/strong> et <strong>l\u2019hypnose<\/strong> me permettent de vous offrir cet accompagnement sur-mesure, qui vous consid\u00e8re dans toute votre enti\u00e8ret\u00e9, avec vos contraintes de vie, et qui vous permet de vous <strong>re-connecter<\/strong> \u00e0 vous-m\u00eame, de re-trouver une <strong>paix int\u00e9rieure<\/strong>, de vous amener vers l\u2019<strong>autonomie<\/strong>, vers <strong>une meilleure ma\u00eetrise de votre vie<\/strong>.<\/p>\n<p>E<strong>coute, respect &amp; non-jugement sont les ma\u00eetres mots de la sophrologie et de l\u2019hypnose que je pratique.<\/strong><\/p>[\/et_pb_text][\/et_pb_column][et_pb_column type=\u00a0\u00bb1_4&Prime; _builder_version=\u00a0\u00bb4.27.2&Prime; _module_preset=\u00a0\u00bbdefault\u00a0\u00bb global_colors_info=\u00a0\u00bb{}\u00a0\u00bb][et_pb_image src=\u00a0\u00bbhttps:\/\/lateliersophro.fr\/wp-content\/uploads\/2024\/10\/bg-carre-5.jpg\u00a0\u00bb title_text=\u00a0\u00bbbg-carre-5&Prime; _builder_version=\u00a0\u00bb4.27.2&Prime; _module_preset=\u00a0\u00bbdefault\u00a0\u00bb border_width_all=\u00a0\u00bb3px\u00a0\u00bb border_color_all=\u00a0\u00bb#d9a70e\u00a0\u00bb global_colors_info=\u00a0\u00bb{}\u00a0\u00bb][\/et_pb_image][et_pb_text _builder_version=\u00a0\u00bb4.27.2&Prime; _module_preset=\u00a0\u00bbdefault\u00a0\u00bb text_font=\u00a0\u00bbArial||||||||\u00a0\u00bb text_font_size=\u00a0\u00bb13px\u00a0\u00bb text_line_height=\u00a0\u00bb1.3em\u00a0\u00bb text_orientation=\u00a0\u00bbjustified\u00a0\u00bb custom_padding=\u00a0\u00bb10px|||40px|false|false\u00a0\u00bb global_colors_info=\u00a0\u00bb{}\u00a0\u00bb]<p>Sophrologue, Hypnologue dans le Pas-de-Calais<\/p>\n<p>Sophrologue certifi\u00e9e par l&rsquo;IFS -Institut de Formation \u00e0 la Sophrologie- Paris<\/p>\n<p>Hypnologue certifi\u00e9e par l&rsquo;ARCHE -Acad\u00e9mie pour la Recherche et la Connaissance en Hypnose Ericksonienne- Paris<\/p>\n<p>Membre adh\u00e9rent \u00e0 la Chambre Syndicale de la Sophrologie<\/p>[\/et_pb_text][\/et_pb_column][\/et_pb_row][\/et_pb_section][et_pb_section fb_built=\u00a0\u00bb1&Prime; _builder_version=\u00a0\u00bb4.27.2&Prime; _module_preset=\u00a0\u00bbdefault\u00a0\u00bb background_color=\u00a0\u00bb#fff4f4&Prime; border_width_right=\u00a0\u00bb10px\u00a0\u00bb border_color_right=\u00a0\u00bb#202140&Prime; border_width_left=\u00a0\u00bb10px\u00a0\u00bb border_color_left=\u00a0\u00bb#202140&Prime; global_colors_info=\u00a0\u00bb{}\u00a0\u00bb][et_pb_row module_id=\u00a0\u00bbhonoraires\u00a0\u00bb _builder_version=\u00a0\u00bb4.27.2&Prime; _module_preset=\u00a0\u00bbdefault\u00a0\u00bb global_colors_info=\u00a0\u00bb{}\u00a0\u00bb][et_pb_column type=\u00a0\u00bb4_4&Prime; _builder_version=\u00a0\u00bb4.27.2&Prime; _module_preset=\u00a0\u00bbdefault\u00a0\u00bb global_colors_info=\u00a0\u00bb{}\u00a0\u00bb][et_pb_text _builder_version=\u00a0\u00bb4.27.2&Prime; _module_preset=\u00a0\u00bbdefault\u00a0\u00bb text_font_size=\u00a0\u00bb13px\u00a0\u00bb header_3_text_align=\u00a0\u00bbcenter\u00a0\u00bb header_4_font=\u00a0\u00bbArial||||||||\u00a0\u00bb header_4_text_align=\u00a0\u00bbcenter\u00a0\u00bb header_4_font_size=\u00a0\u00bb1.7em\u00a0\u00bb text_orientation=\u00a0\u00bbjustified\u00a0\u00bb custom_margin=\u00a0\u00bb||60px||false|false\u00a0\u00bb global_colors_info=\u00a0\u00bb{}\u00a0\u00bb]<h3>Honoraires et d\u00e9roulement des s\u00e9ances de Sophrologie<\/h3>[\/et_pb_text][et_pb_divider color=\u00a0\u00bb#000000&Prime; divider_weight=\u00a0\u00bb1px\u00a0\u00bb _builder_version=\u00a0\u00bb4.27.2&Prime; _module_preset=\u00a0\u00bbdefault\u00a0\u00bb custom_margin=\u00a0\u00bb-30px|520px|0px|520px|false|true\u00a0\u00bb global_colors_info=\u00a0\u00bb{}\u00a0\u00bb][\/et_pb_divider][et_pb_text _builder_version=\u00a0\u00bb4.27.2&Prime; _module_preset=\u00a0\u00bbdefault\u00a0\u00bb text_font_size=\u00a0\u00bb13px\u00a0\u00bb header_4_font=\u00a0\u00bbArial||||||||\u00a0\u00bb header_4_text_align=\u00a0\u00bbcenter\u00a0\u00bb header_4_font_size=\u00a0\u00bb1.7em\u00a0\u00bb text_orientation=\u00a0\u00bbjustified\u00a0\u00bb custom_margin=\u00a0\u00bb||60px||false|false\u00a0\u00bb global_colors_info=\u00a0\u00bb{}\u00a0\u00bb]<p>Vous offrir une s\u00e9ance de sophrologie c\u2019est avant tout vous offrir <strong>un moment \u00e0 vous<\/strong> :<\/p>\n<p>\u2013 <strong>La premi\u00e8re s\u00e9ance<\/strong> dure environ 1h30. Ce premier rendez-vous nous permet de prendre le temps de faire connaissance et de convenir ensemble d\u2019un axe de travail sur l\u2019objectif que vous vous serez fix\u00e9. Gr\u00e2ce \u00e0 ce premier entretien j\u2019\u00e9laborerai pour vous, avec le plus grand soin, un accompagnement sur-mesure qui vous permettra de travailler dans le sens de l\u2019objectif vis\u00e9.<\/p>\n<p>\u2013 <strong>Les s\u00e9ances suivantes<\/strong> durent environ 1h00 \u00e0 1h15. Elles se composent d\u2019un temps d\u2019\u00e9change en d\u00e9but et fin de s\u00e9ance, d\u2019exercices de respiration contr\u00f4l\u00e9e associ\u00e9s \u00e0 des mouvements doux qui vous am\u00e8nent \u00e0 une d\u00e9tente profonde du corps et de l\u2019esprit, ce qui permet ainsi une plus grande r\u00e9ceptivit\u00e9 \u00e0 soi. Puis le travail s\u2019axe ensuite sur le principe de visualisations positives qui vous permettra d\u2019aller vous re-connecter \u00e0 vos ressources, et ainsi les activer, les renforcer, les dynamiser et vous rendre acteur(trice) de votre changement.<\/p>\n<p>\u2013 <strong>Entre les s\u00e9ances<\/strong> amener la sophrologie dans votre quotidien par une pratique r\u00e9guli\u00e8re est recommand\u00e9 pour l\u2019efficacit\u00e9 de la m\u00e9thode. Plus l\u2019on s\u2019entra\u00eene \u00e0 la sophrologie, plus les b\u00e9n\u00e9fices se font ressentir.<\/p>\n<p>&nbsp;<\/p>\n<p><strong>La sophrologie vous permettra de prendre conscience de vos ressentis, de votre potentiel, de votre capacit\u00e9 \u00e0 cr\u00e9er le changement b\u00e9n\u00e9fique en vous.<\/strong><\/p>\n<p>&nbsp;<\/p>\n<p>Il n\u2019est pas demand\u00e9 d\u2019avoir une tenue particuli\u00e8re, et il n\u2019y a <strong>pas non plus de restriction physique<\/strong>. En effet la <strong>Sophrologie s\u2019adapte<\/strong> en cas de handicaps, et les s\u00e9ances se font alors au domicile ou sur le lieu de travail.<\/p>[\/et_pb_text][et_pb_text _builder_version=\u00a0\u00bb4.27.2&Prime; _module_preset=\u00a0\u00bbdefault\u00a0\u00bb text_font_size=\u00a0\u00bb13px\u00a0\u00bb header_4_font=\u00a0\u00bbArial||||||||\u00a0\u00bb header_4_text_align=\u00a0\u00bbcenter\u00a0\u00bb header_4_font_size=\u00a0\u00bb1.7em\u00a0\u00bb text_orientation=\u00a0\u00bbjustified\u00a0\u00bb custom_margin=\u00a0\u00bb||60px||false|false\u00a0\u00bb custom_padding=\u00a0\u00bb|50px||50px|false|true\u00a0\u00bb global_colors_info=\u00a0\u00bb{}\u00a0\u00bb]<p style=\"text-align: center;\">\u2013xxx\u2013<\/p>\n<p><strong>IMPORTANT : La sophrologie ainsi que l\u2019hypnose (RITMO et M\u00e9thode Phoenix Capacity inclus) ne se substituent en aucun cas aux professionnels de la sant\u00e9<\/strong>, ne prodiguent de diagnostic ni de prescriptions m\u00e9dicales et ne se substituent pas aux traitements m\u00e9dicaux en cours. Elles sont en revanche de <strong>formidables outils d\u2019accompagnement<\/strong> vers un mieux \u00eatre certain.<\/p>[\/et_pb_text][et_pb_button button_url=\u00a0\u00bbhttps:\/\/lateliersophro.fr\/?page_id=60&Prime; button_text=\u00a0\u00bben savoir plus\u00a0\u00bb button_alignment=\u00a0\u00bbcenter\u00a0\u00bb _builder_version=\u00a0\u00bb4.27.2&Prime; _module_preset=\u00a0\u00bbdefault\u00a0\u00bb custom_button=\u00a0\u00bbon\u00a0\u00bb button_text_size=\u00a0\u00bb12px\u00a0\u00bb button_text_color=\u00a0\u00bb#d9a70e\u00a0\u00bb button_border_width=\u00a0\u00bb1px\u00a0\u00bb button_border_radius=\u00a0\u00bb0px\u00a0\u00bb button_font=\u00a0\u00bb|||on|||||\u00a0\u00bb custom_margin=\u00a0\u00bb0px||81px||false|false\u00a0\u00bb custom_padding=\u00a0\u00bb8px|36px|8px|36px|true|true\u00a0\u00bb global_colors_info=\u00a0\u00bb{}\u00a0\u00bb][\/et_pb_button][\/et_pb_column][\/et_pb_row][\/et_pb_section][et_pb_section fb_built=\u00a0\u00bb1&Prime; _builder_version=\u00a0\u00bb4.27.2&Prime; _module_preset=\u00a0\u00bbdefault\u00a0\u00bb custom_padding=\u00a0\u00bb||0px||false|false\u00a0\u00bb border_width_right=\u00a0\u00bb10px\u00a0\u00bb border_color_right=\u00a0\u00bb#202140&Prime; border_width_left=\u00a0\u00bb10px\u00a0\u00bb border_color_left=\u00a0\u00bb#202140&Prime; global_colors_info=\u00a0\u00bb{}\u00a0\u00bb][et_pb_row module_id=\u00a0\u00bbsophrologie\u00a0\u00bb _builder_version=\u00a0\u00bb4.27.2&Prime; _module_preset=\u00a0\u00bbdefault\u00a0\u00bb background_color=\u00a0\u00bb#d9a70e\u00a0\u00bb global_colors_info=\u00a0\u00bb{}\u00a0\u00bb][et_pb_column type=\u00a0\u00bb4_4&Prime; _builder_version=\u00a0\u00bb4.27.2&Prime; _module_preset=\u00a0\u00bbdefault\u00a0\u00bb global_colors_info=\u00a0\u00bb{}\u00a0\u00bb][et_pb_text _builder_version=\u00a0\u00bb4.27.2&Prime; _module_preset=\u00a0\u00bbdefault\u00a0\u00bb text_font=\u00a0\u00bbArial||||||||\u00a0\u00bb text_text_color=\u00a0\u00bb#FFFFFF\u00a0\u00bb text_font_size=\u00a0\u00bb12px\u00a0\u00bb header_3_font=\u00a0\u00bbSacramento||||||||\u00a0\u00bb header_3_text_align=\u00a0\u00bbcenter\u00a0\u00bb header_3_text_color=\u00a0\u00bb#FFFFFF\u00a0\u00bb header_3_font_size=\u00a0\u00bb3.2em\u00a0\u00bb background_enable_color=\u00a0\u00bboff\u00a0\u00bb text_orientation=\u00a0\u00bbcenter\u00a0\u00bb max_width=\u00a0\u00bb100%\u00a0\u00bb custom_margin=\u00a0\u00bb0px|0px|0px|0px|true|true\u00a0\u00bb custom_padding=\u00a0\u00bb0px|10px|0px|10px|true|true\u00a0\u00bb border_color_all=\u00a0\u00bb#FFFFFF\u00a0\u00bb global_colors_info=\u00a0\u00bb{}\u00a0\u00bb]<h3 id=\"bloc-mental\" class=\"m-all t-1of2 d-1of2 cf\">Quelques mots sur les approches que j&rsquo;utilise&#8230;<\/h3>[\/et_pb_text][et_pb_divider color=\u00a0\u00bb#FFFFFF\u00a0\u00bb divider_weight=\u00a0\u00bb1px\u00a0\u00bb _builder_version=\u00a0\u00bb4.27.2&Prime; _module_preset=\u00a0\u00bbdefault\u00a0\u00bb width=\u00a0\u00bb5%\u00a0\u00bb module_alignment=\u00a0\u00bbcenter\u00a0\u00bb custom_margin=\u00a0\u00bb30px|0px|0px|0px|false|true\u00a0\u00bb global_colors_info=\u00a0\u00bb{}\u00a0\u00bb][\/et_pb_divider][et_pb_text _builder_version=\u00a0\u00bb4.27.2&Prime; _module_preset=\u00a0\u00bbdefault\u00a0\u00bb text_font=\u00a0\u00bbArial||||||||\u00a0\u00bb text_text_color=\u00a0\u00bb#FFFFFF\u00a0\u00bb text_font_size=\u00a0\u00bb13px\u00a0\u00bb header_3_font=\u00a0\u00bbSacramento||||||||\u00a0\u00bb header_3_text_align=\u00a0\u00bbcenter\u00a0\u00bb header_3_text_color=\u00a0\u00bb#FFFFFF\u00a0\u00bb header_3_font_size=\u00a0\u00bb3.2em\u00a0\u00bb header_5_font=\u00a0\u00bb|600|on|on|||||\u00a0\u00bb header_5_text_color=\u00a0\u00bb#FFFFFF\u00a0\u00bb header_5_font_size=\u00a0\u00bb0.85em\u00a0\u00bb header_5_letter_spacing=\u00a0\u00bb2px\u00a0\u00bb background_enable_color=\u00a0\u00bboff\u00a0\u00bb text_orientation=\u00a0\u00bbjustified\u00a0\u00bb max_width=\u00a0\u00bb100%\u00a0\u00bb custom_margin=\u00a0\u00bb0px|0px|0px|0px|true|true\u00a0\u00bb custom_padding=\u00a0\u00bb0px|80px|0px|80px|true|true\u00a0\u00bb border_color_all=\u00a0\u00bb#FFFFFF\u00a0\u00bb global_colors_info=\u00a0\u00bb{}\u00a0\u00bb]<h5>LA SOPHROLOGIE<\/h5>\n<p>Du grec SOS (harmonie), PHREN (esprit) LOGOS (\u00e9tude, science), mise au point en 1960 par le neuropsychiatre colombien Alfonso Caycedo ; la sophrologie se d\u00e9finit comme la <strong>science de l\u2019esprit harmonieux<\/strong>. C\u2019est une m\u00e9thode th\u00e9rapeutique br\u00e8ve, <strong>accessible \u00e0 tous<\/strong> (enfants, adolescents, adultes, s\u00e9niors), qui permet de retrouver un \u00e9quilibre, une paix int\u00e9rieure, en <strong>r\u00e9-harmonisant le corps &amp; l\u2019esprit<\/strong>. \u00catre \u00e0 l\u2019\u00e9coute de son corps, de ses ressentis\u2026 de soi. Porter un <strong>regard neuf et positif<\/strong> sur soi, sur ce qui nous entoure et ainsi se redonner confiance pour aller vers un mieux \u00eatre et vers une <strong>meilleure ma\u00eetrise de sa vie<\/strong>. La Sophrologie est un accompagnement bas\u00e9 sur des exercices simples de respiration contr\u00f4l\u00e9e associ\u00e9s \u00e0 des mouvements doux, puis de visualisations positives qui vous permettent d\u2019aller identifier, d\u2019aller <strong>chercher en vous vos pr\u00e9cieuses ressources<\/strong> qui vous permettront de d\u00e9couvrir <strong>votre solution. La Sophrologie ne se substitue pas aux professionnels de la sant\u00e9<\/strong>, ne prodigue de diagnostic ni de prescriptions m\u00e9dicales et ne se substitue pas aux traitements m\u00e9dicaux en cours. Elle est en revanche un f<strong>ormidable outil d\u2019accompagnement<\/strong> vers un mieux \u00eatre certain.<\/p>\n<p style=\"text-align: center;\">-xXx-<\/p>\n<h5>L\u2019hypnose ericksonienne<\/h5>\n<p>D\u00e9velopp\u00e9e par le c\u00e9l\u00e8bre psychiatre et psychologue am\u00e9ricain, <strong>Milton Erickson<\/strong> (1901-1980), l\u2019hypnose ericksonienne est une hypnose respectueuse de la personne et non dirigiste. Elle permet de prendre en compte et d\u2019<strong>harmoniser les structures conscientes et les structures inconscientes<\/strong>. Et permet ainsi d\u2019<strong>\u00eatre plus align\u00e9(e) et plus coh\u00e9rent(e) dans ses choix de vie<\/strong>. Ses travaux sur la modification des \u00e9tats de conscience et la communication hypnotique ont boulevers\u00e9 les conceptions classiques. Erickson consid\u00e9rait que l\u2019<strong>inconscient, profond\u00e9ment bon et puissant, est capable de mobiliser des ressources int\u00e9rieures susceptibles de conduire aux changements d\u00e9sir\u00e9s<\/strong>.<\/p>\n<p>Consid\u00e9r\u00e9e comme une <strong>th\u00e9rapie br\u00e8ve<\/strong>, l\u2019hypnose ericksonienne est une technique qui vise \u00e0 <strong>modifier l\u2019\u00e9tat de conscience habituel afin d\u2019acc\u00e9der \u00e0 l\u2019inconscient<\/strong>. Son but est de permettre \u00e0 la personne de <strong>puiser en elle dans ses propres ressources n\u00e9cessaires \u00e0 la r\u00e9solution du probl\u00e8me<\/strong>.<\/p>\n<p>La plupart des troubles sont des signaux et des messages que notre inconscient nous envoie afin de nous faire prendre conscience de l\u2019existence d\u2019un probl\u00e8me. L\u2019hypnose ericksonienne <strong>r\u00e9tablit la communication<\/strong> conscient\/inconscient pour <strong>apporter des solutions<\/strong>, nous guider vers elles. Quand vous ne trouvez pas de solution, c\u2019est que vous avez vraisemblablement utilis\u00e9 toutes vos ressources conscientes. Alors avec l\u2019hypnose, vous allez <strong>activer vos ressources inconscientes, qui sont d\u00e9j\u00e0 en Vous !<\/strong><\/p>\n<p>On a beau avoir conscience d\u2019un comportement inappropri\u00e9 ou d\u2019une probl\u00e9matique, conna\u00eetre son histoire par coeur, on n\u2019en trouve pas moins de solutions pour aller mieux. Parce que l\u2019hypnose est un <strong>\u00e9tat propice \u00e0 la fois au changement et \u00e0 la cr\u00e9ativit\u00e9<\/strong>, elle va permettre de modifier vos perceptions, vos comportements, vos \u00e9motions et vos habitudes\u2026pour <strong>aller vers un alignement plus juste, vers ce \u00e0 quoi vous aspirez vraiment<\/strong>\u2026<\/p>\n<p style=\"text-align: center;\">-xXx-<\/p>\n<h5>LE R.I.T.M.O\u00ae<\/h5>\n<p><strong>R.I.T.M.O<\/strong> (Retraitement de l\u2019Information Traumatique par les Mouvements Oculaires), est une <strong>technique qui combine l\u2019hypnose et l\u2019E.M.D.R\u00ae<\/strong>. Apparent\u00e9e \u00e0 l\u2019EMDR (Eyes Movement Reprocessing and Desensitization), le principe est d\u2019utiliser des stimulations bilat\u00e9rales qui peuvent \u00eatre visuelles, auditives ou kinesth\u00e9siques, qui ont pour but d\u2019activer les zones du cerveau concern\u00e9es et permettent de <strong>\u00ab dig\u00e9rer \u00bb l\u2019\u00e9v\u00e8nement traumatisant<\/strong> en le dissociant de l\u2019\u00e9motion ressentie. RITMO\u00ae est un outil de th\u00e9rapie br\u00e8ve. La technique <strong>d\u00e9samorce, d\u00e9bloque et lib\u00e8re<\/strong> les exp\u00e9riences traumatiques anciennes de leur charge \u00e9motionnelle et de leurs distorsions cognitives par un <strong>retraitement des informations<\/strong>.<\/p>\n<p>Une \u00e0 quelques s\u00e9ances s\u2019av\u00e8rent suffisantes dans la majorit\u00e9 des cas. G\u00e9n\u00e9ralement utilis\u00e9e pour un traumatisme unique : accident, agression\u2026 Cela permet de se souvenir d\u2019un \u00e9v\u00e8nement pass\u00e9 sans ressentir tout le poids des \u00e9motions n\u00e9gatives.<\/p>\n<p><strong>Cet outil donne \u00e9galement d\u2019excellents r\u00e9sultats sur les blocages \u00e9motionnels, les comportements compulsifs, les deuils, les phobies, les peurs, le manque de confiance en soi\u2026<\/strong> Le sujet peut alors modifier sa perception de l\u2019exp\u00e9rience douloureuse pour la d\u00e9passer et op\u00e9rer de nouveaux choix.<\/p>\n<p style=\"text-align: center;\">-xXx-<\/p>\n<h5>M\u00e9thode Phoenix Capacity<\/h5>\n<p>Cette m\u00e9thode <strong>d\u2019accompagnement<\/strong> vise \u00e0 <strong>activer la capacit\u00e9 de r\u00e9g\u00e9n\u00e9ration, l\u2019intelligence du corps existant en chacun en nous<\/strong>. Elle accompagne et aide la personne \u00e0 d\u00e9couvrir et mobiliser ses propres ressources internes.<\/p>\n<p>Le c\u0153ur du travail repose sur une forme de <strong>dialogue par le biais de l\u2019imaginaire entre \u00ab la t\u00eate \u00bb et \u00ab le corps \u00bb<\/strong>. En effet, le postulat de base de la m\u00e9thode est que <strong>l\u2019esprit et le corps sont en interaction<\/strong>. Cette interaction passe par des m\u00e9canismes de r\u00e9gulation dont nous sommes inconscients. Or, il est possible d\u2019acc\u00e9der \u00e0 nos contenus inconscients via nos repr\u00e9sentations mentales. Ces contenus symboliques sont comme l\u2019interface de dialogue entre conscient et inconscient.<\/p>\n<p>Une s\u00e9ance de la MPC va donc consister en <strong>l\u2019exploration<\/strong> des repr\u00e9sentations corporelles inconscientes. Elle est utile notamment pour <strong>accompagner<\/strong> les divers maux du corps, acc\u00e9l\u00e9rer une convalescence, g\u00e9rer des douleurs organiques, pr\u00e9parer une op\u00e9ration, interroger des manifestations corporelles, etc\u2026Elle est \u00e9galement efficace en pr\u00e9paration sportive et pour toute probl\u00e9matique en r\u00e9sonance avec les sensations corporelles.<\/p>[\/et_pb_text][et_pb_divider color=\u00a0\u00bb#FFFFFF\u00a0\u00bb divider_style=\u00a0\u00bbdashed\u00a0\u00bb divider_weight=\u00a0\u00bb1px\u00a0\u00bb _builder_version=\u00a0\u00bb4.27.2&Prime; _module_preset=\u00a0\u00bbdefault\u00a0\u00bb width=\u00a0\u00bb5%\u00a0\u00bb module_alignment=\u00a0\u00bbcenter\u00a0\u00bb custom_margin=\u00a0\u00bb30px|0px|0px|0px|false|true\u00a0\u00bb global_colors_info=\u00a0\u00bb{}\u00a0\u00bb][\/et_pb_divider][et_pb_text _builder_version=\u00a0\u00bb4.27.2&Prime; _module_preset=\u00a0\u00bbdefault\u00a0\u00bb text_font=\u00a0\u00bbArial||||||||\u00a0\u00bb text_text_color=\u00a0\u00bb#FFFFFF\u00a0\u00bb text_font_size=\u00a0\u00bb13px\u00a0\u00bb header_3_font=\u00a0\u00bbSacramento||||||||\u00a0\u00bb header_3_text_align=\u00a0\u00bbcenter\u00a0\u00bb header_3_text_color=\u00a0\u00bb#FFFFFF\u00a0\u00bb header_3_font_size=\u00a0\u00bb3.2em\u00a0\u00bb header_5_font=\u00a0\u00bb|600|on|on|||||\u00a0\u00bb header_5_text_color=\u00a0\u00bb#FFFFFF\u00a0\u00bb header_5_font_size=\u00a0\u00bb0.85em\u00a0\u00bb header_5_letter_spacing=\u00a0\u00bb2px\u00a0\u00bb background_enable_color=\u00a0\u00bboff\u00a0\u00bb text_orientation=\u00a0\u00bbjustified\u00a0\u00bb max_width=\u00a0\u00bb100%\u00a0\u00bb custom_margin=\u00a0\u00bb0px|0px|0px|0px|true|true\u00a0\u00bb custom_padding=\u00a0\u00bb0px|10px|0px|10px|true|true\u00a0\u00bb border_color_all=\u00a0\u00bb#FFFFFF\u00a0\u00bb global_colors_info=\u00a0\u00bb{}\u00a0\u00bb]<p><strong>IMPORTANT :<\/strong> <strong>La sophrologie, l\u2019hypnose, le RITMO, la M\u00e9thode Phoenix Capacity, ne se substituent en aucun cas aux professionnels de la sant\u00e9<\/strong>, ne prodiguent de diagnostic ni de prescriptions m\u00e9dicales et ne se substituent pas aux traitements m\u00e9dicaux en cours. <span style=\"text-decoration: underline;\"><strong>Il est de votre responsabilit\u00e9 de poursuivre les traitements qui vous sont prescrits et plus g\u00e9n\u00e9ralement de vous conformer aux prescriptions de votre m\u00e9decin.<\/strong><\/span> Elles sont en revanche de <strong>formidables outils d\u2019accompagnement<\/strong> vers un mieux \u00eatre certain.<\/p>[\/et_pb_text][et_pb_divider color=\u00a0\u00bb#FFFFFF\u00a0\u00bb divider_style=\u00a0\u00bbdashed\u00a0\u00bb divider_weight=\u00a0\u00bb1px\u00a0\u00bb _builder_version=\u00a0\u00bb4.27.2&Prime; _module_preset=\u00a0\u00bbdefault\u00a0\u00bb width=\u00a0\u00bb5%\u00a0\u00bb module_alignment=\u00a0\u00bbcenter\u00a0\u00bb custom_margin=\u00a0\u00bb30px|0px|0px|0px|false|true\u00a0\u00bb global_colors_info=\u00a0\u00bb{}\u00a0\u00bb][\/et_pb_divider][\/et_pb_column][\/et_pb_row][et_pb_row column_structure=\u00a0\u00bb1_4,1_4,1_4,1_4&Prime; use_custom_gutter=\u00a0\u00bbon\u00a0\u00bb gutter_width=\u00a0\u00bb1&Prime; _builder_version=\u00a0\u00bb4.27.2&Prime; _module_preset=\u00a0\u00bbdefault\u00a0\u00bb background_color=\u00a0\u00bb#fff4f4&Prime; width=\u00a0\u00bb100%\u00a0\u00bb max_width=\u00a0\u00bb1710px\u00a0\u00bb custom_margin=\u00a0\u00bb70px||0px||false|false\u00a0\u00bb custom_padding=\u00a0\u00bb0px||0px||false|false\u00a0\u00bb global_colors_info=\u00a0\u00bb{}\u00a0\u00bb][et_pb_column type=\u00a0\u00bb1_4&Prime; _builder_version=\u00a0\u00bb4.27.2&Prime; _module_preset=\u00a0\u00bbdefault\u00a0\u00bb background_color=\u00a0\u00bb#fff4f4&Prime; custom_padding=\u00a0\u00bb||0px||false|false\u00a0\u00bb border_color_right=\u00a0\u00bb#FFFFFF\u00a0\u00bb border_width_bottom=\u00a0\u00bb3px\u00a0\u00bb border_color_bottom=\u00a0\u00bb#FFFFFF\u00a0\u00bb global_colors_info=\u00a0\u00bb{}\u00a0\u00bb][et_pb_text _builder_version=\u00a0\u00bb4.27.2&Prime; _module_preset=\u00a0\u00bbdefault\u00a0\u00bb text_font_size=\u00a0\u00bb13px\u00a0\u00bb header_3_font=\u00a0\u00bb|600|||||||\u00a0\u00bb header_3_text_align=\u00a0\u00bbcenter\u00a0\u00bb header_3_font_size=\u00a0\u00bb1.75em\u00a0\u00bb header_4_font=\u00a0\u00bbArial||||||||\u00a0\u00bb header_4_text_align=\u00a0\u00bbcenter\u00a0\u00bb header_4_font_size=\u00a0\u00bb1.7em\u00a0\u00bb text_orientation=\u00a0\u00bbjustified\u00a0\u00bb custom_margin=\u00a0\u00bb||60px||false|false\u00a0\u00bb custom_padding=\u00a0\u00bb60px||||false|false\u00a0\u00bb global_colors_info=\u00a0\u00bb{}\u00a0\u00bb]<h3>La sophrologie c&rsquo;est&#8230;<\/h3>[\/et_pb_text][et_pb_divider color=\u00a0\u00bb#d9a70e\u00a0\u00bb _builder_version=\u00a0\u00bb4.27.2&Prime; _module_preset=\u00a0\u00bbdefault\u00a0\u00bb custom_margin=\u00a0\u00bb-30px|190px|0px|190px|false|true\u00a0\u00bb global_colors_info=\u00a0\u00bb{}\u00a0\u00bb][\/et_pb_divider][et_pb_text _builder_version=\u00a0\u00bb4.27.2&Prime; _module_preset=\u00a0\u00bbdefault\u00a0\u00bb text_font_size=\u00a0\u00bb0.9em\u00a0\u00bb text_line_height=\u00a0\u00bb1em\u00a0\u00bb header_4_font=\u00a0\u00bbArial||||||||\u00a0\u00bb header_4_text_align=\u00a0\u00bbcenter\u00a0\u00bb header_4_font_size=\u00a0\u00bb1.7em\u00a0\u00bb text_orientation=\u00a0\u00bbjustified\u00a0\u00bb custom_margin=\u00a0\u00bb||60px||false|false\u00a0\u00bb custom_padding=\u00a0\u00bb0px|20px|0px|20px|true|false\u00a0\u00bb global_colors_info=\u00a0\u00bb{}\u00a0\u00bb]<p>Une technique psycho-corporelle<\/p>\n<p>Un travail au rel\u00e2chement physique, \u00e9motionnel et mental<\/p>\n<p>Apprendre \u00e0 bien respirer<\/p>\n<p>Accueillir ce qui se vit dans l\u2019instant pr\u00e9sent<\/p>\n<p>Prendre conscience de ses capacit\u00e9s, de ses ressources, les renforcer, les dynamiser<\/p>\n<p>\u00eatre actif et autonome dans son changement<\/p>\n<p>De l\u2019entra\u00eenement, de la r\u00e9p\u00e9tition<\/p>[\/et_pb_text][\/et_pb_column][et_pb_column type=\u00a0\u00bb1_4&Prime; _builder_version=\u00a0\u00bb4.27.2&Prime; _module_preset=\u00a0\u00bbdefault\u00a0\u00bb background_color=\u00a0\u00bb#fff4f4&Prime; custom_padding=\u00a0\u00bb||3px||false|false\u00a0\u00bb border_color_right=\u00a0\u00bb#FFFFFF\u00a0\u00bb border_width_bottom=\u00a0\u00bb3px\u00a0\u00bb border_color_bottom=\u00a0\u00bb#FFFFFF\u00a0\u00bb border_width_left=\u00a0\u00bb3px\u00a0\u00bb border_color_left=\u00a0\u00bb#FFFFFF\u00a0\u00bb global_colors_info=\u00a0\u00bb{}\u00a0\u00bb][et_pb_text _builder_version=\u00a0\u00bb4.27.2&Prime; _module_preset=\u00a0\u00bbdefault\u00a0\u00bb text_font_size=\u00a0\u00bb13px\u00a0\u00bb header_3_font=\u00a0\u00bb|600|||||||\u00a0\u00bb header_3_text_align=\u00a0\u00bbcenter\u00a0\u00bb header_3_font_size=\u00a0\u00bb1.75em\u00a0\u00bb header_4_font=\u00a0\u00bbArial||||||||\u00a0\u00bb header_4_text_align=\u00a0\u00bbcenter\u00a0\u00bb header_4_font_size=\u00a0\u00bb1.7em\u00a0\u00bb text_orientation=\u00a0\u00bbjustified\u00a0\u00bb custom_margin=\u00a0\u00bb||60px||false|false\u00a0\u00bb custom_padding=\u00a0\u00bb60px||||false|false\u00a0\u00bb global_colors_info=\u00a0\u00bb{}\u00a0\u00bb]<h3>La sophrologie ce n&rsquo;est pas&#8230;<\/h3>[\/et_pb_text][et_pb_divider color=\u00a0\u00bb#d9a70e\u00a0\u00bb _builder_version=\u00a0\u00bb4.27.2&Prime; _module_preset=\u00a0\u00bbdefault\u00a0\u00bb custom_margin=\u00a0\u00bb-30px|190px|0px|190px|false|true\u00a0\u00bb global_colors_info=\u00a0\u00bb{}\u00a0\u00bb][\/et_pb_divider][et_pb_text _builder_version=\u00a0\u00bb4.27.2&Prime; _module_preset=\u00a0\u00bbdefault\u00a0\u00bb text_font_size=\u00a0\u00bb0.9em\u00a0\u00bb text_line_height=\u00a0\u00bb1em\u00a0\u00bb header_4_font=\u00a0\u00bbArial||||||||\u00a0\u00bb header_4_text_align=\u00a0\u00bbcenter\u00a0\u00bb header_4_font_size=\u00a0\u00bb1.7em\u00a0\u00bb text_orientation=\u00a0\u00bbjustified\u00a0\u00bb custom_margin=\u00a0\u00bb||60px||false|false\u00a0\u00bb custom_padding=\u00a0\u00bb0px|20px|0px|20px|true|false\u00a0\u00bb global_colors_info=\u00a0\u00bb{}\u00a0\u00bb]<p>De la m\u00e9decine, ni de la psychologie, ni de la psychiatrie, ni de la psychoth\u00e9rapie<\/p>\n<p>De la relaxation<\/p>\n<p>De la magie<\/p>\n<p>Un \u00e9tat passif ou de sommeil<\/p>\n<p>Un \u00e9tat o\u00f9 l\u2019on a rien \u00e0 faire, juste \u00e0 fermer les yeux<\/p>\n<p>Une technique de massage<\/p>\n<p>La m\u00eame s\u00e9ance pour tous<\/p>[\/et_pb_text][\/et_pb_column][et_pb_column type=\u00a0\u00bb1_4&Prime; _builder_version=\u00a0\u00bb4.27.2&Prime; _module_preset=\u00a0\u00bbdefault\u00a0\u00bb background_color=\u00a0\u00bb#fff4f4&Prime; custom_padding=\u00a0\u00bb||||false|false\u00a0\u00bb border_width_right=\u00a0\u00bb3px\u00a0\u00bb border_color_right=\u00a0\u00bb#FFFFFF\u00a0\u00bb border_color_bottom=\u00a0\u00bb#FFFFFF\u00a0\u00bb border_width_left=\u00a0\u00bb3px\u00a0\u00bb border_color_left=\u00a0\u00bb#FFFFFF\u00a0\u00bb global_colors_info=\u00a0\u00bb{}\u00a0\u00bb][et_pb_text _builder_version=\u00a0\u00bb4.27.2&Prime; _module_preset=\u00a0\u00bbdefault\u00a0\u00bb text_font_size=\u00a0\u00bb13px\u00a0\u00bb header_3_font=\u00a0\u00bb|600|||||||\u00a0\u00bb header_3_text_align=\u00a0\u00bbcenter\u00a0\u00bb header_3_font_size=\u00a0\u00bb1.75em\u00a0\u00bb header_4_font=\u00a0\u00bbArial||||||||\u00a0\u00bb header_4_text_align=\u00a0\u00bbcenter\u00a0\u00bb header_4_font_size=\u00a0\u00bb1.7em\u00a0\u00bb text_orientation=\u00a0\u00bbjustified\u00a0\u00bb custom_margin=\u00a0\u00bb||60px||false|false\u00a0\u00bb custom_padding=\u00a0\u00bb60px||||false|false\u00a0\u00bb global_colors_info=\u00a0\u00bb{}\u00a0\u00bb]<h3>Certifications<\/h3>[\/et_pb_text][et_pb_divider color=\u00a0\u00bb#d9a70e\u00a0\u00bb _builder_version=\u00a0\u00bb4.27.2&Prime; _module_preset=\u00a0\u00bbdefault\u00a0\u00bb custom_margin=\u00a0\u00bb-30px|190px|0px|190px|false|true\u00a0\u00bb global_colors_info=\u00a0\u00bb{}\u00a0\u00bb][\/et_pb_divider][et_pb_text _builder_version=\u00a0\u00bb4.27.2&Prime; _module_preset=\u00a0\u00bbdefault\u00a0\u00bb text_font_size=\u00a0\u00bb0.9em\u00a0\u00bb text_line_height=\u00a0\u00bb1em\u00a0\u00bb header_4_font=\u00a0\u00bbArial||||||||\u00a0\u00bb header_4_text_align=\u00a0\u00bbcenter\u00a0\u00bb header_4_font_size=\u00a0\u00bb1.7em\u00a0\u00bb text_orientation=\u00a0\u00bbjustified\u00a0\u00bb custom_margin=\u00a0\u00bb||60px||false|false\u00a0\u00bb custom_padding=\u00a0\u00bb0px|20px|0px|20px|true|false\u00a0\u00bb global_colors_info=\u00a0\u00bb{}\u00a0\u00bb]<p>Sophrologue certifi\u00e9e par l\u2019IFS \u00e0 Paris<\/p>\n<p>Sp\u00e9cialis\u00e9e dans l\u2019accompagnement des enfants, form\u00e9e \u00e0 Sophrofamily<\/p>\n<p>Praticienne en hypnose certifi\u00e9e par l\u2019ARCHE en hypnose Ericksonienne \u00e0 Paris<\/p>\n<p>Certifi\u00e9e en hypnose conversationnelle, ARCHE Paris<\/p>\n<p>Certifi\u00e9e en hypnose Strat\u00e9gique et Syst\u00e9mique, ARCHE Paris<\/p>\n<p>Praticienne R.I.T.M.O (Retraitement de l\u2019Information Traumatique par les Mouvements Oculaires),<\/p>\n<p>Praticienne M.P.C (M\u00e9thode Phoenix Capacity) niveau 1 et niveau 2<\/p>\n<p>En cours de formation en psychopathologie et neurosciences \u00e0 l\u2019ARCHE Paris<\/p>\n<p>Certification professorale Yoga Alliance chez Kula Collective<\/p>[\/et_pb_text][\/et_pb_column][et_pb_column type=\u00a0\u00bb1_4&Prime; _builder_version=\u00a0\u00bb4.27.2&Prime; _module_preset=\u00a0\u00bbdefault\u00a0\u00bb background_color=\u00a0\u00bb#fff4f4&Prime; custom_padding=\u00a0\u00bb||||false|false\u00a0\u00bb border_width_right=\u00a0\u00bb3px\u00a0\u00bb border_color_right=\u00a0\u00bb#FFFFFF\u00a0\u00bb border_width_bottom=\u00a0\u00bb3px\u00a0\u00bb border_color_bottom=\u00a0\u00bb#FFFFFF\u00a0\u00bb global_colors_info=\u00a0\u00bb{}\u00a0\u00bb][et_pb_text _builder_version=\u00a0\u00bb4.27.2&Prime; _module_preset=\u00a0\u00bbdefault\u00a0\u00bb text_font_size=\u00a0\u00bb13px\u00a0\u00bb header_3_font=\u00a0\u00bb|600|||||||\u00a0\u00bb header_3_text_align=\u00a0\u00bbcenter\u00a0\u00bb header_3_font_size=\u00a0\u00bb1.75em\u00a0\u00bb header_4_font=\u00a0\u00bbArial||||||||\u00a0\u00bb header_4_text_align=\u00a0\u00bbcenter\u00a0\u00bb header_4_font_size=\u00a0\u00bb1.7em\u00a0\u00bb text_orientation=\u00a0\u00bbjustified\u00a0\u00bb custom_margin=\u00a0\u00bb||60px||false|false\u00a0\u00bb custom_padding=\u00a0\u00bb60px||||false|false\u00a0\u00bb global_colors_info=\u00a0\u00bb{}\u00a0\u00bb]<h3>Ethique<\/h3>[\/et_pb_text][et_pb_divider color=\u00a0\u00bb#d9a70e\u00a0\u00bb _builder_version=\u00a0\u00bb4.27.2&Prime; _module_preset=\u00a0\u00bbdefault\u00a0\u00bb custom_margin=\u00a0\u00bb-30px|190px|0px|190px|false|true\u00a0\u00bb global_colors_info=\u00a0\u00bb{}\u00a0\u00bb][\/et_pb_divider][et_pb_text _builder_version=\u00a0\u00bb4.27.2&Prime; _module_preset=\u00a0\u00bbdefault\u00a0\u00bb text_font_size=\u00a0\u00bb0.9em\u00a0\u00bb text_line_height=\u00a0\u00bb1em\u00a0\u00bb header_4_font=\u00a0\u00bbArial||||||||\u00a0\u00bb header_4_text_align=\u00a0\u00bbcenter\u00a0\u00bb header_4_font_size=\u00a0\u00bb1.7em\u00a0\u00bb text_orientation=\u00a0\u00bbjustified\u00a0\u00bb custom_margin=\u00a0\u00bb||60px||false|false\u00a0\u00bb custom_padding=\u00a0\u00bb0px|20px|0px|20px|true|false\u00a0\u00bb global_colors_info=\u00a0\u00bb{}\u00a0\u00bb]<p>Respect du code d\u00e9ontologique de l\u2019IFS<\/p>\n<p>Membre adh\u00e9rent de la Chambre Syndicale de la Sophrologie<\/p>\n<p>Respect de la charte \u00e9thique, et du code d\u00e9ontologique de l\u2019ARCHE<\/p>\n<p>Supervisions professionnelles r\u00e9guli\u00e8res<\/p>[\/et_pb_text][\/et_pb_column][\/et_pb_row][\/et_pb_section][et_pb_section fb_built=\u00a0\u00bb1&Prime; module_id=\u00a0\u00bbcontact\u00a0\u00bb _builder_version=\u00a0\u00bb4.27.2&Prime; _module_preset=\u00a0\u00bbdefault\u00a0\u00bb background_color=\u00a0\u00bb#117f9e\u00a0\u00bb border_width_right=\u00a0\u00bb10px\u00a0\u00bb border_color_right=\u00a0\u00bb#202140&Prime; border_width_left=\u00a0\u00bb10px\u00a0\u00bb border_color_left=\u00a0\u00bb#202140&Prime; global_colors_info=\u00a0\u00bb{}\u00a0\u00bb][et_pb_row _builder_version=\u00a0\u00bb4.27.2&Prime; _module_preset=\u00a0\u00bbdefault\u00a0\u00bb global_colors_info=\u00a0\u00bb{}\u00a0\u00bb][et_pb_column type=\u00a0\u00bb4_4&Prime; _builder_version=\u00a0\u00bb4.27.2&Prime; _module_preset=\u00a0\u00bbdefault\u00a0\u00bb global_colors_info=\u00a0\u00bb{}\u00a0\u00bb][et_pb_text _builder_version=\u00a0\u00bb4.27.2&Prime; _module_preset=\u00a0\u00bbdefault\u00a0\u00bb header_3_font=\u00a0\u00bbGeorgia||on|on|||||\u00a0\u00bb header_3_text_align=\u00a0\u00bbcenter\u00a0\u00bb header_3_text_color=\u00a0\u00bb#FFFFFF\u00a0\u00bb header_3_font_size=\u00a0\u00bb1.75em\u00a0\u00bb global_colors_info=\u00a0\u00bb{}\u00a0\u00bb]<h3>prenons rendez-vous<\/h3>[\/et_pb_text][\/et_pb_column][\/et_pb_row][et_pb_row column_structure=\u00a0\u00bb1_2,1_2&Prime; _builder_version=\u00a0\u00bb4.27.2&Prime; _module_preset=\u00a0\u00bbdefault\u00a0\u00bb custom_padding=\u00a0\u00bb||0px|||\u00a0\u00bb global_colors_info=\u00a0\u00bb{}\u00a0\u00bb][et_pb_column type=\u00a0\u00bb1_2&Prime; _builder_version=\u00a0\u00bb4.27.2&Prime; _module_preset=\u00a0\u00bbdefault\u00a0\u00bb background_enable_color=\u00a0\u00bboff\u00a0\u00bb custom_padding=\u00a0\u00bb90px|50px|90px|50px|true|false\u00a0\u00bb global_colors_info=\u00a0\u00bb{}\u00a0\u00bb][et_pb_text _builder_version=\u00a0\u00bb4.27.2&Prime; _module_preset=\u00a0\u00bbdefault\u00a0\u00bb text_text_color=\u00a0\u00bb#000000&Prime; text_font_size=\u00a0\u00bb12px\u00a0\u00bb link_font=\u00a0\u00bb||||on||||\u00a0\u00bb link_text_color=\u00a0\u00bb#d9a70e\u00a0\u00bb header_2_font=\u00a0\u00bbSacramento||||||||\u00a0\u00bb header_2_font_size=\u00a0\u00bb2.5em\u00a0\u00bb background_color=\u00a0\u00bb#FFFFFF\u00a0\u00bb width=\u00a0\u00bb143%\u00a0\u00bb custom_margin=\u00a0\u00bb||-50px||false|false\u00a0\u00bb custom_padding=\u00a0\u00bb80px|50px|80px|50px|true|true\u00a0\u00bb global_colors_info=\u00a0\u00bb{}\u00a0\u00bb]<h2>Amandine Calcoen<\/h2>\n<p>&nbsp;<\/p>\n<p>&nbsp;<\/p>\n<p>________<\/p>\n<p>Les consultations sont <strong>sur rendez-vous<\/strong>.<\/p>\n<p>Je vous re\u00e7ois au cabinet situ\u00e9 au : <a href=\"https:\/\/maps.app.goo.gl\/UzpNv9D9WnFY1mn79\" target=\"_blank\" rel=\"noopener\">19 rue Napol\u00e9on \u00e0 Wimereux 62930<\/a><\/p>\n<p>Je peux consulter \u00e0 domicile, et sur le lieu de travail (Wimereux alentours)<\/p>\n<p>Je vous propose \u00e9galement des s\u00e9ances \u00e0 distance par Skype.<\/p>\n<p>T\u00e9l\u00e9phone : <strong>06 07 41 49 67<\/strong><\/p>\n<p>Mail : <a href=\"mailto:amandine@lateliersophro.com\" target=\"_blank\" rel=\"noopener\">amandine@lateliersophro.com<\/a><\/p>\n<p>Vous pouvez me contacter directement par t\u00e9l\u00e9phone. Si vous pr\u00e9f\u00e9rez, envoyez-moi un mail en m\u2019expliquant en quelques lignes l\u2019objet de votre demande. Je prendrai le plus grand soin \u00e0 vous lire et vous r\u00e9pondrai dans un d\u00e9lai de 2 jours.<\/p>[\/et_pb_text][\/et_pb_column][et_pb_column type=\u00a0\u00bb1_2&Prime; _builder_version=\u00a0\u00bb4.27.2&Prime; _module_preset=\u00a0\u00bbdefault\u00a0\u00bb background_enable_color=\u00a0\u00bboff\u00a0\u00bb global_colors_info=\u00a0\u00bb{}\u00a0\u00bb][et_pb_image src=\u00a0\u00bbhttps:\/\/lateliersophro.fr\/wp-content\/uploads\/2024\/10\/bg-carre-2.jpg\u00a0\u00bb title_text=\u00a0\u00bbbg-carre-2&Prime; _builder_version=\u00a0\u00bb4.27.2&Prime; _module_preset=\u00a0\u00bbdefault\u00a0\u00bb width=\u00a0\u00bb83%\u00a0\u00bb border_width_all=\u00a0\u00bb3px\u00a0\u00bb border_color_all=\u00a0\u00bb#d9a70e\u00a0\u00bb global_colors_info=\u00a0\u00bb{}\u00a0\u00bb][\/et_pb_image][\/et_pb_column][\/et_pb_row][et_pb_row _builder_version=\u00a0\u00bb4.27.2&Prime; _module_preset=\u00a0\u00bbdefault\u00a0\u00bb custom_padding=\u00a0\u00bb0px|0px|0px|0px|false|false\u00a0\u00bb border_width_all=\u00a0\u00bb3px\u00a0\u00bb border_color_all=\u00a0\u00bb#6ec8b8&Prime; global_colors_info=\u00a0\u00bb{}\u00a0\u00bb][et_pb_column type=\u00a0\u00bb4_4&Prime; _builder_version=\u00a0\u00bb4.27.2&Prime; _module_preset=\u00a0\u00bbdefault\u00a0\u00bb global_colors_info=\u00a0\u00bb{}\u00a0\u00bb][et_pb_contact_form email=\u00a0\u00bbamandine@lateliersophro.com, arnaud@arnaudmaseda.fr, calcoen.amandine@orange.fr\u00a0\u00bb submit_button_text=\u00a0\u00bbenvoyer\u00a0\u00bb _builder_version=\u00a0\u00bb4.27.6&Prime; _module_preset=\u00a0\u00bbdefault\u00a0\u00bb _unique_id=\u00a0\u00bb38894bb7-812f-4e03-bfe5-82c21a9989c1&Prime; form_field_font_size=\u00a0\u00bb13px\u00a0\u00bb background_color=\u00a0\u00bb#FFFFFF\u00a0\u00bb custom_button=\u00a0\u00bbon\u00a0\u00bb button_text_size=\u00a0\u00bb18px\u00a0\u00bb button_text_color=\u00a0\u00bb#FFFFFF\u00a0\u00bb button_bg_color=\u00a0\u00bb#000000&Prime; custom_padding=\u00a0\u00bb70px|70px|70px|70px|true|true\u00a0\u00bb hover_enabled=\u00a0\u00bb0&Prime; border_color_all=\u00a0\u00bb#6ec8b8&Prime; global_colors_info=\u00a0\u00bb{}\u00a0\u00bb sticky_enabled=\u00a0\u00bb0&Prime;][et_pb_contact_field field_id=\u00a0\u00bbNom\u00a0\u00bb field_title=\u00a0\u00bbVotre nom\u00a0\u00bb fullwidth_field=\u00a0\u00bbon\u00a0\u00bb _builder_version=\u00a0\u00bb4.27.2&Prime; global_colors_info=\u00a0\u00bb{}\u00a0\u00bb button_text_size__hover_enabled=\u00a0\u00bboff\u00a0\u00bb button_one_text_size__hover_enabled=\u00a0\u00bboff\u00a0\u00bb button_two_text_size__hover_enabled=\u00a0\u00bboff\u00a0\u00bb button_text_color__hover_enabled=\u00a0\u00bboff\u00a0\u00bb button_one_text_color__hover_enabled=\u00a0\u00bboff\u00a0\u00bb button_two_text_color__hover_enabled=\u00a0\u00bboff\u00a0\u00bb button_border_width__hover_enabled=\u00a0\u00bboff\u00a0\u00bb button_one_border_width__hover_enabled=\u00a0\u00bboff\u00a0\u00bb button_two_border_width__hover_enabled=\u00a0\u00bboff\u00a0\u00bb button_border_color__hover_enabled=\u00a0\u00bboff\u00a0\u00bb button_one_border_color__hover_enabled=\u00a0\u00bboff\u00a0\u00bb button_two_border_color__hover_enabled=\u00a0\u00bboff\u00a0\u00bb button_border_radius__hover_enabled=\u00a0\u00bboff\u00a0\u00bb button_one_border_radius__hover_enabled=\u00a0\u00bboff\u00a0\u00bb button_two_border_radius__hover_enabled=\u00a0\u00bboff\u00a0\u00bb button_letter_spacing__hover_enabled=\u00a0\u00bboff\u00a0\u00bb button_one_letter_spacing__hover_enabled=\u00a0\u00bboff\u00a0\u00bb button_two_letter_spacing__hover_enabled=\u00a0\u00bboff\u00a0\u00bb button_bg_color__hover_enabled=\u00a0\u00bboff\u00a0\u00bb button_one_bg_color__hover_enabled=\u00a0\u00bboff\u00a0\u00bb button_two_bg_color__hover_enabled=\u00a0\u00bboff\u00a0\u00bb][\/et_pb_contact_field][et_pb_contact_field field_id=\u00a0\u00bbEmail\u00a0\u00bb field_title=\u00a0\u00bbVotre e-mail\u00a0\u00bb field_type=\u00a0\u00bbemail\u00a0\u00bb _builder_version=\u00a0\u00bb4.27.2&Prime; global_colors_info=\u00a0\u00bb{}\u00a0\u00bb button_text_size__hover_enabled=\u00a0\u00bboff\u00a0\u00bb button_one_text_size__hover_enabled=\u00a0\u00bboff\u00a0\u00bb button_two_text_size__hover_enabled=\u00a0\u00bboff\u00a0\u00bb button_text_color__hover_enabled=\u00a0\u00bboff\u00a0\u00bb button_one_text_color__hover_enabled=\u00a0\u00bboff\u00a0\u00bb button_two_text_color__hover_enabled=\u00a0\u00bboff\u00a0\u00bb button_border_width__hover_enabled=\u00a0\u00bboff\u00a0\u00bb button_one_border_width__hover_enabled=\u00a0\u00bboff\u00a0\u00bb button_two_border_width__hover_enabled=\u00a0\u00bboff\u00a0\u00bb button_border_color__hover_enabled=\u00a0\u00bboff\u00a0\u00bb button_one_border_color__hover_enabled=\u00a0\u00bboff\u00a0\u00bb button_two_border_color__hover_enabled=\u00a0\u00bboff\u00a0\u00bb button_border_radius__hover_enabled=\u00a0\u00bboff\u00a0\u00bb button_one_border_radius__hover_enabled=\u00a0\u00bboff\u00a0\u00bb button_two_border_radius__hover_enabled=\u00a0\u00bboff\u00a0\u00bb button_letter_spacing__hover_enabled=\u00a0\u00bboff\u00a0\u00bb button_one_letter_spacing__hover_enabled=\u00a0\u00bboff\u00a0\u00bb button_two_letter_spacing__hover_enabled=\u00a0\u00bboff\u00a0\u00bb button_bg_color__hover_enabled=\u00a0\u00bboff\u00a0\u00bb button_one_bg_color__hover_enabled=\u00a0\u00bboff\u00a0\u00bb button_two_bg_color__hover_enabled=\u00a0\u00bboff\u00a0\u00bb][\/et_pb_contact_field][et_pb_contact_field field_id=\u00a0\u00bbSujet\u00a0\u00bb field_title=\u00a0\u00bbSujet\u00a0\u00bb fullwidth_field=\u00a0\u00bbon\u00a0\u00bb _builder_version=\u00a0\u00bb4.27.2&Prime; global_colors_info=\u00a0\u00bb{}\u00a0\u00bb button_text_size__hover_enabled=\u00a0\u00bboff\u00a0\u00bb button_one_text_size__hover_enabled=\u00a0\u00bboff\u00a0\u00bb button_two_text_size__hover_enabled=\u00a0\u00bboff\u00a0\u00bb button_text_color__hover_enabled=\u00a0\u00bboff\u00a0\u00bb button_one_text_color__hover_enabled=\u00a0\u00bboff\u00a0\u00bb button_two_text_color__hover_enabled=\u00a0\u00bboff\u00a0\u00bb button_border_width__hover_enabled=\u00a0\u00bboff\u00a0\u00bb button_one_border_width__hover_enabled=\u00a0\u00bboff\u00a0\u00bb button_two_border_width__hover_enabled=\u00a0\u00bboff\u00a0\u00bb button_border_color__hover_enabled=\u00a0\u00bboff\u00a0\u00bb button_one_border_color__hover_enabled=\u00a0\u00bboff\u00a0\u00bb button_two_border_color__hover_enabled=\u00a0\u00bboff\u00a0\u00bb button_border_radius__hover_enabled=\u00a0\u00bboff\u00a0\u00bb button_one_border_radius__hover_enabled=\u00a0\u00bboff\u00a0\u00bb button_two_border_radius__hover_enabled=\u00a0\u00bboff\u00a0\u00bb button_letter_spacing__hover_enabled=\u00a0\u00bboff\u00a0\u00bb button_one_letter_spacing__hover_enabled=\u00a0\u00bboff\u00a0\u00bb button_two_letter_spacing__hover_enabled=\u00a0\u00bboff\u00a0\u00bb button_bg_color__hover_enabled=\u00a0\u00bboff\u00a0\u00bb button_one_bg_color__hover_enabled=\u00a0\u00bboff\u00a0\u00bb button_two_bg_color__hover_enabled=\u00a0\u00bboff\u00a0\u00bb][\/et_pb_contact_field][et_pb_contact_field field_id=\u00a0\u00bbMessage\u00a0\u00bb field_title=\u00a0\u00bbMessage\u00a0\u00bb field_type=\u00a0\u00bbtext\u00a0\u00bb fullwidth_field=\u00a0\u00bbon\u00a0\u00bb _builder_version=\u00a0\u00bb4.16&Prime; global_colors_info=\u00a0\u00bb{}\u00a0\u00bb button_text_size__hover_enabled=\u00a0\u00bboff\u00a0\u00bb button_one_text_size__hover_enabled=\u00a0\u00bboff\u00a0\u00bb button_two_text_size__hover_enabled=\u00a0\u00bboff\u00a0\u00bb button_text_color__hover_enabled=\u00a0\u00bboff\u00a0\u00bb button_one_text_color__hover_enabled=\u00a0\u00bboff\u00a0\u00bb button_two_text_color__hover_enabled=\u00a0\u00bboff\u00a0\u00bb button_border_width__hover_enabled=\u00a0\u00bboff\u00a0\u00bb button_one_border_width__hover_enabled=\u00a0\u00bboff\u00a0\u00bb button_two_border_width__hover_enabled=\u00a0\u00bboff\u00a0\u00bb button_border_color__hover_enabled=\u00a0\u00bboff\u00a0\u00bb button_one_border_color__hover_enabled=\u00a0\u00bboff\u00a0\u00bb button_two_border_color__hover_enabled=\u00a0\u00bboff\u00a0\u00bb button_border_radius__hover_enabled=\u00a0\u00bboff\u00a0\u00bb button_one_border_radius__hover_enabled=\u00a0\u00bboff\u00a0\u00bb button_two_border_radius__hover_enabled=\u00a0\u00bboff\u00a0\u00bb button_letter_spacing__hover_enabled=\u00a0\u00bboff\u00a0\u00bb button_one_letter_spacing__hover_enabled=\u00a0\u00bboff\u00a0\u00bb button_two_letter_spacing__hover_enabled=\u00a0\u00bboff\u00a0\u00bb button_bg_color__hover_enabled=\u00a0\u00bboff\u00a0\u00bb button_one_bg_color__hover_enabled=\u00a0\u00bboff\u00a0\u00bb button_two_bg_color__hover_enabled=\u00a0\u00bboff\u00a0\u00bb][\/et_pb_contact_field][\/et_pb_contact_form][\/et_pb_column][\/et_pb_row][\/et_pb_section][et_pb_section fb_built=\u00a0\u00bb1&Prime; _builder_version=\u00a0\u00bb4.27.2&Prime; _module_preset=\u00a0\u00bbdefault\u00a0\u00bb custom_margin=\u00a0\u00bb0px|0px|0px|0px|false|false\u00a0\u00bb custom_padding=\u00a0\u00bb0px|0px|0px|0px|false|false\u00a0\u00bb border_width_right=\u00a0\u00bb10px\u00a0\u00bb border_color_right=\u00a0\u00bb#202140&Prime; border_width_left=\u00a0\u00bb10px\u00a0\u00bb border_color_left=\u00a0\u00bb#202140&Prime; global_colors_info=\u00a0\u00bb{}\u00a0\u00bb][et_pb_row column_structure=\u00a0\u00bb1_2,1_2&Prime; _builder_version=\u00a0\u00bb4.27.2&Prime; _module_preset=\u00a0\u00bbdefault\u00a0\u00bb global_colors_info=\u00a0\u00bb{}\u00a0\u00bb][et_pb_column type=\u00a0\u00bb1_2&Prime; _builder_version=\u00a0\u00bb4.27.2&Prime; _module_preset=\u00a0\u00bbdefault\u00a0\u00bb global_colors_info=\u00a0\u00bb{}\u00a0\u00bb][et_pb_image src=\u00a0\u00bbhttps:\/\/lateliersophro.fr\/wp-content\/uploads\/2024\/10\/sophrologie-paris.jpg\u00a0\u00bb title_text=\u00a0\u00bbsophrologie-paris\u00a0\u00bb url=\u00a0\u00bbhttps:\/\/observatoire-sophrologie.fr\/\u00a0\u00bb url_new_window=\u00a0\u00bbon\u00a0\u00bb align=\u00a0\u00bbright\u00a0\u00bb _builder_version=\u00a0\u00bb4.27.2&Prime; _module_preset=\u00a0\u00bbdefault\u00a0\u00bb width=\u00a0\u00bb20%\u00a0\u00bb global_colors_info=\u00a0\u00bb{}\u00a0\u00bb][\/et_pb_image][\/et_pb_column][et_pb_column type=\u00a0\u00bb1_2&Prime; _builder_version=\u00a0\u00bb4.27.2&Prime; _module_preset=\u00a0\u00bbdefault\u00a0\u00bb global_colors_info=\u00a0\u00bb{}\u00a0\u00bb][et_pb_image src=\u00a0\u00bbhttps:\/\/lateliersophro.fr\/wp-content\/uploads\/2024\/10\/sophrologue-paris.jpg\u00a0\u00bb title_text=\u00a0\u00bbsophrologue-paris\u00a0\u00bb url=\u00a0\u00bbhttps:\/\/www.chambre-syndicale-sophrologie.fr\/\u00a0\u00bb url_new_window=\u00a0\u00bbon\u00a0\u00bb _builder_version=\u00a0\u00bb4.27.2&Prime; _module_preset=\u00a0\u00bbdefault\u00a0\u00bb width=\u00a0\u00bb25%\u00a0\u00bb global_colors_info=\u00a0\u00bb{}\u00a0\u00bb][\/et_pb_image][\/et_pb_column][\/et_pb_row][\/et_pb_section]","protected":false},"excerpt":{"rendered":"<p>L&rsquo;atelier Sophro Sophrologue \u00e0 Wimereux (Pas-de-Calais, Hauts-de-France)Vivez le moment pr\u00e9sentdevenez acteur de votre vieLa Sophrologie c\u2019est avant tout un moment que vous vous offrez, une douce parenth\u00e8se. Tout ce que vous vivrez pendant ces instants ne sera qu\u2019\u00e0 vous, rien qu\u2019\u00e0 vous. Vous serez alors dans un espace de bienveillance et de non-jugement. Cet espace [&hellip;]<\/p>\n","protected":false},"author":1,"featured_media":0,"parent":0,"menu_order":0,"comment_status":"closed","ping_status":"closed","template":"","meta":{"_et_pb_use_builder":"on","_et_pb_old_content":"<!-- wp:paragraph -->\n<p>This is an example page. It's different from a blog post because it will stay in one place and will show up in your site navigation (in most themes). Most people start with an About page that introduces them to potential site visitors. It might say something like this:<\/p>\n<!-- \/wp:paragraph -->\n\n<!-- wp:quote -->\n<blockquote class=\"wp-block-quote\"><p>Hi there! I'm a bike messenger by day, aspiring actor by night, and this is my website. I live in Los Angeles, have a great dog named Jack, and I like pi&#241;a coladas. (And gettin' caught in the rain.)<\/p><\/blockquote>\n<!-- \/wp:quote -->\n\n<!-- wp:paragraph -->\n<p>...or something like this:<\/p>\n<!-- \/wp:paragraph -->\n\n<!-- wp:quote -->\n<blockquote class=\"wp-block-quote\"><p>The XYZ Doohickey Company was founded in 1971, and has been providing quality doohickeys to the public ever since. Located in Gotham City, XYZ employs over 2,000 people and does all kinds of awesome things for the Gotham community.<\/p><\/blockquote>\n<!-- \/wp:quote -->\n\n<!-- wp:paragraph -->\n<p>As a new WordPress user, you should go to <a href=\"https:\/\/lateliersophro.fr\/wp-admin\/\">your dashboard<\/a> to delete this page and create new pages for your content. Have fun!<\/p>\n<!-- \/wp:paragraph -->","_et_gb_content_width":"","footnotes":""},"class_list":["post-2","page","type-page","status-publish","hentry"],"_links":{"self":[{"href":"https:\/\/lateliersophro.fr\/index.php?rest_route=\/wp\/v2\/pages\/2","targetHints":{"allow":["GET"]}}],"collection":[{"href":"https:\/\/lateliersophro.fr\/index.php?rest_route=\/wp\/v2\/pages"}],"about":[{"href":"https:\/\/lateliersophro.fr\/index.php?rest_route=\/wp\/v2\/types\/page"}],"author":[{"embeddable":true,"href":"https:\/\/lateliersophro.fr\/index.php?rest_route=\/wp\/v2\/users\/1"}],"replies":[{"embeddable":true,"href":"https:\/\/lateliersophro.fr\/index.php?rest_route=%2Fwp%2Fv2%2Fcomments&post=2"}],"version-history":[{"count":17,"href":"https:\/\/lateliersophro.fr\/index.php?rest_route=\/wp\/v2\/pages\/2\/revisions"}],"predecessor-version":[{"id":136,"href":"https:\/\/lateliersophro.fr\/index.php?rest_route=\/wp\/v2\/pages\/2\/revisions\/136"}],"wp:attachment":[{"href":"https:\/\/lateliersophro.fr\/index.php?rest_route=%2Fwp%2Fv2%2Fmedia&parent=2"}],"curies":[{"name":"wp","href":"https:\/\/api.w.org\/{rel}","templated":true}]}}